{"id":4014,"date":"2025-03-25T17:05:35","date_gmt":"2025-03-25T17:05:35","guid":{"rendered":"https:\/\/www.camping-gca.com\/bienvenida-ciclista\/"},"modified":"2025-09-01T12:25:41","modified_gmt":"2025-09-01T12:25:41","slug":"bienvenida-ciclista","status":"publish","type":"page","link":"https:\/\/www.camping-gca.com\/es\/bienvenida-ciclista\/","title":{"rendered":"Bienvenida ciclista"},"content":{"rendered":"\t\t<div data-elementor-type=\"wp-page\" data-elementor-id=\"4014\" class=\"elementor elementor-4014 elementor-1014\" data-elementor-post-type=\"page\">\n\t\t\t\t<section class=\"elementor-element elementor-element-83c1d09 e-flex e-con-boxed e-con e-parent\" data-id=\"83c1d09\" data-element_type=\"container\" data-e-type=\"container\" data-settings=\"{&quot;background_background&quot;:&quot;classic&quot;}\">\n\t\t\t\t\t<div class=\"e-con-inner\">\n\t\t<div class=\"elementor-element elementor-element-159bc5b e-flex e-con-boxed e-con e-child\" data-id=\"159bc5b\" data-element_type=\"container\" data-e-type=\"container\" data-settings=\"{&quot;background_background&quot;:&quot;classic&quot;}\">\n\t\t\t\t\t<div class=\"e-con-inner\">\n\t\t\t\t<div class=\"elementor-element elementor-element-21970ad elementor-absolute elementor-widget elementor-widget-image\" data-id=\"21970ad\" data-element_type=\"widget\" data-e-type=\"widget\" data-settings=\"{&quot;_position&quot;:&quot;absolute&quot;}\" data-widget_type=\"image.default\">\n\t\t\t\t\t\t\t\t\t\t\t\t\t\t\t<img fetchpriority=\"high\" decoding=\"async\" width=\"242\" height=\"264\" src=\"https:\/\/www.camping-gca.com\/wp-content\/uploads\/2025\/03\/feuille1.png\" class=\"attachment-large size-large wp-image-3382\" alt=\"\" \/>\t\t\t\t\t\t\t\t\t\t\t\t\t\t\t<\/div>\n\t\t\t\t<div class=\"elementor-element elementor-element-eb7fc73 elementor-absolute elementor-widget elementor-widget-image\" data-id=\"eb7fc73\" data-element_type=\"widget\" data-e-type=\"widget\" data-settings=\"{&quot;_position&quot;:&quot;absolute&quot;}\" data-widget_type=\"image.default\">\n\t\t\t\t\t\t\t\t\t\t\t\t\t\t\t<img decoding=\"async\" width=\"253\" height=\"287\" src=\"https:\/\/www.camping-gca.com\/wp-content\/uploads\/2025\/03\/feuilles.png\" class=\"attachment-large size-large wp-image-3381\" alt=\"\" \/>\t\t\t\t\t\t\t\t\t\t\t\t\t\t\t<\/div>\n\t\t<div class=\"elementor-element elementor-element-875f393 e-con-full e-flex e-con e-child\" data-id=\"875f393\" data-element_type=\"container\" data-e-type=\"container\">\n\t\t<div class=\"elementor-element elementor-element-f5935ac e-con-full e-flex e-con e-child\" data-id=\"f5935ac\" data-element_type=\"container\" data-e-type=\"container\">\n\t\t\t\t<div class=\"elementor-element elementor-element-07a11a4 animated-slow elementor-invisible elementor-widget elementor-widget-heading\" data-id=\"07a11a4\" data-element_type=\"widget\" data-e-type=\"widget\" data-settings=\"{&quot;_animation&quot;:&quot;fadeIn&quot;}\" data-widget_type=\"heading.default\">\n\t\t\t\t\t<span class=\"elementor-heading-title elementor-size-default\">\u00c1REA NATURAL LES GRANDS CH\u00caNES ET LES AJONCS<\/span>\t\t\t\t<\/div>\n\t\t\t\t<div class=\"elementor-element elementor-element-7910687 elementor-widget elementor-widget-image\" data-id=\"7910687\" data-element_type=\"widget\" data-e-type=\"widget\" data-widget_type=\"image.default\">\n\t\t\t\t\t\t\t\t\t\t\t\t\t\t\t<img decoding=\"async\" width=\"152\" height=\"204\" src=\"https:\/\/www.camping-gca.com\/wp-content\/uploads\/2025\/04\/Logo_Accueil_Velo_de_France_Velo_Tourisme.png\" class=\"attachment-large size-large wp-image-3854\" alt=\"El camping GCA cerca de Hourtin tiene la etiqueta Accueil v\u00e9lo\" \/>\t\t\t\t\t\t\t\t\t\t\t\t\t\t\t<\/div>\n\t\t\t\t<div class=\"elementor-element elementor-element-b950e94 animated-slow elementor-invisible elementor-widget elementor-widget-heading\" data-id=\"b950e94\" data-element_type=\"widget\" data-e-type=\"widget\" data-settings=\"{&quot;_animation&quot;:&quot;fadeIn&quot;}\" data-widget_type=\"heading.default\">\n\t\t\t\t\t<h1 class=\"elementor-heading-title elementor-size-default\">Camping con bienvenida ciclista cerca de Hourtin:<\/br> una etapa ideal para ciclistas<\/h1>\t\t\t\t<\/div>\n\t\t\t\t<\/div>\n\t\t\t\t<\/div>\n\t\t<div class=\"elementor-element elementor-element-93b591b e-con-full e-flex e-con e-child\" data-id=\"93b591b\" data-element_type=\"container\" data-e-type=\"container\" data-settings=\"{&quot;background_background&quot;:&quot;slideshow&quot;,&quot;background_motion_fx_devices&quot;:[&quot;widescreen&quot;,&quot;desktop&quot;,&quot;laptop&quot;,&quot;tablet_extra&quot;,&quot;tablet&quot;],&quot;background_slideshow_gallery&quot;:[{&quot;id&quot;:3924,&quot;url&quot;:&quot;https:\\\/\\\/www.camping-gca.com\\\/wp-content\\\/uploads\\\/2025\\\/04\\\/le-parc-les-emplacements-90.jpg&quot;},{&quot;id&quot;:3909,&quot;url&quot;:&quot;https:\\\/\\\/www.camping-gca.com\\\/wp-content\\\/uploads\\\/2025\\\/04\\\/Le-parc-Les-emplacements-67.jpeg&quot;}],&quot;background_slideshow_ken_burns&quot;:&quot;yes&quot;,&quot;background_slideshow_slide_duration&quot;:2500,&quot;background_slideshow_loop&quot;:&quot;yes&quot;,&quot;background_slideshow_slide_transition&quot;:&quot;fade&quot;,&quot;background_slideshow_transition_duration&quot;:500,&quot;background_slideshow_ken_burns_zoom_direction&quot;:&quot;in&quot;}\">\n\t\t\t\t<\/div>\n\t\t\t\t\t<\/div>\n\t\t\t\t<\/div>\n\t\t\t\t\t<\/div>\n\t\t\t\t<\/section>\n\t\t<section class=\"elementor-element elementor-element-bf200a3 e-flex e-con-boxed e-con e-parent\" data-id=\"bf200a3\" data-element_type=\"container\" data-e-type=\"container\" data-settings=\"{&quot;background_background&quot;:&quot;classic&quot;}\">\n\t\t\t\t\t<div class=\"e-con-inner\">\n\t\t\t\t<div class=\"elementor-element elementor-element-84d0206 elementor-widget elementor-widget-global elementor-global-150 elementor-widget-spacer\" data-id=\"84d0206\" data-element_type=\"widget\" data-e-type=\"widget\" data-widget_type=\"spacer.default\">\n\t\t\t\t\t\t\t<div class=\"elementor-spacer\">\n\t\t\t<div class=\"elementor-spacer-inner\"><\/div>\n\t\t<\/div>\n\t\t\t\t\t\t<\/div>\n\t\t<div class=\"elementor-element elementor-element-4022146 e-con-full e-flex e-con e-child\" data-id=\"4022146\" data-element_type=\"container\" data-e-type=\"container\">\n\t\t<div class=\"elementor-element elementor-element-8b28940 e-con-full e-flex e-con e-child\" data-id=\"8b28940\" data-element_type=\"container\" data-e-type=\"container\" data-settings=\"{&quot;background_background&quot;:&quot;classic&quot;,&quot;background_motion_fx_motion_fx_scrolling&quot;:&quot;yes&quot;,&quot;background_motion_fx_devices&quot;:[&quot;widescreen&quot;,&quot;desktop&quot;,&quot;laptop&quot;,&quot;tablet_extra&quot;,&quot;tablet&quot;,&quot;mobile&quot;]}\">\n\t\t\t\t<div class=\"elementor-element elementor-element-785a333 elementor-widget elementor-widget-image\" data-id=\"785a333\" data-element_type=\"widget\" data-e-type=\"widget\" data-widget_type=\"image.default\">\n\t\t\t\t\t\t\t\t\t\t\t\t\t\t\t<img loading=\"lazy\" decoding=\"async\" width=\"667\" height=\"1000\" src=\"https:\/\/www.camping-gca.com\/wp-content\/uploads\/2025\/03\/accueil-cycliste-camping-gironde-e1742830206267.jpg\" class=\"attachment-large size-large wp-image-3932\" alt=\"Camping acogida ciclista cerca de Hourtin, una etapa ideal en la Velodisea\" srcset=\"https:\/\/www.camping-gca.com\/wp-content\/uploads\/2025\/03\/accueil-cycliste-camping-gironde-e1742830206267.jpg 667w, https:\/\/www.camping-gca.com\/wp-content\/uploads\/2025\/03\/accueil-cycliste-camping-gironde-e1742830206267-200x300.jpg 200w\" sizes=\"(max-width: 667px) 100vw, 667px\" \/>\t\t\t\t\t\t\t\t\t\t\t\t\t\t\t<\/div>\n\t\t\t\t<\/div>\n\t\t<div class=\"elementor-element elementor-element-e1359a1 e-con-full e-flex e-con e-child\" data-id=\"e1359a1\" data-element_type=\"container\" data-e-type=\"container\">\n\t\t<div class=\"elementor-element elementor-element-0207260 e-con-full e-flex e-con e-child\" data-id=\"0207260\" data-element_type=\"container\" data-e-type=\"container\">\n\t\t\t\t<div class=\"elementor-element elementor-element-26c0447 animated-slow elementor-invisible elementor-widget elementor-widget-heading\" data-id=\"26c0447\" data-element_type=\"widget\" data-e-type=\"widget\" data-settings=\"{&quot;_animation&quot;:&quot;fadeIn&quot;,&quot;_animation_delay&quot;:100}\" data-widget_type=\"heading.default\">\n\t\t\t\t\t<h2 class=\"elementor-heading-title elementor-size-default\">Una ubicaci\u00f3n privilegiada<\/br> en la Velodisea<\/h2>\t\t\t\t<\/div>\n\t\t<div class=\"elementor-element elementor-element-2493d9b e-con-full e-flex e-con e-child\" data-id=\"2493d9b\" data-element_type=\"container\" data-e-type=\"container\">\n\t\t\t\t<div class=\"elementor-element elementor-element-45bdc63 elementor-widget elementor-widget-text-editor\" data-id=\"45bdc63\" data-element_type=\"widget\" data-e-type=\"widget\" data-widget_type=\"text-editor.default\">\n\t\t\t\t\t\t\t\t\tSituado en el coraz\u00f3n de Gironda, nuestro <strong><a href=\"https:\/\/www.camping-gca.com\/es\/\">camping con \u00abBienvenida ciclista\u00bb cerca de Hourtin<\/a><\/strong> es una parada imprescindible para los apasionados de la bicicleta. En las inmediaciones de la <b>Velodisea \u2013 Ruta de la Costa Atl\u00e1ntica<\/b>, una de las rutas ciclistas m\u00e1s hermosas de Francia, nuestro establecimiento est\u00e1 certificado como <b>Bienvenida Ciclista<\/b> y ofrece un entorno natural perfecto para un merecido descanso. \t\t\t\t\t\t\t\t<\/div>\n\t\t\t\t<\/div>\n\t\t\t\t<\/div>\n\t\t\t\t<\/div>\n\t\t\t\t<\/div>\n\t\t\t\t\t<\/div>\n\t\t\t\t<\/section>\n\t\t<section class=\"elementor-element elementor-element-74dd515 e-flex e-con-boxed e-con e-parent\" data-id=\"74dd515\" data-element_type=\"container\" data-e-type=\"container\">\n\t\t\t\t\t<div class=\"e-con-inner\">\n\t\t\t\t<div class=\"elementor-element elementor-element-f083af6 elementor-widget elementor-widget-global elementor-global-150 elementor-widget-spacer\" data-id=\"f083af6\" data-element_type=\"widget\" data-e-type=\"widget\" data-widget_type=\"spacer.default\">\n\t\t\t\t\t\t\t<div class=\"elementor-spacer\">\n\t\t\t<div class=\"elementor-spacer-inner\"><\/div>\n\t\t<\/div>\n\t\t\t\t\t\t<\/div>\n\t\t<div class=\"elementor-element elementor-element-2f79722 e-flex e-con-boxed e-con e-child\" data-id=\"2f79722\" data-element_type=\"container\" data-e-type=\"container\" data-settings=\"{&quot;background_background&quot;:&quot;classic&quot;}\">\n\t\t\t\t\t<div class=\"e-con-inner\">\n\t\t\t\t<div class=\"elementor-element elementor-element-84df59b elementor-absolute elementor-widget elementor-widget-image\" data-id=\"84df59b\" data-element_type=\"widget\" data-e-type=\"widget\" data-settings=\"{&quot;_position&quot;:&quot;absolute&quot;}\" data-widget_type=\"image.default\">\n\t\t\t\t\t\t\t\t\t\t\t\t\t\t\t<img loading=\"lazy\" decoding=\"async\" width=\"286\" height=\"370\" src=\"https:\/\/www.camping-gca.com\/wp-content\/uploads\/2025\/03\/feuilles-deco.png\" class=\"attachment-large size-large wp-image-3895\" alt=\"\" srcset=\"https:\/\/www.camping-gca.com\/wp-content\/uploads\/2025\/03\/feuilles-deco.png 286w, https:\/\/www.camping-gca.com\/wp-content\/uploads\/2025\/03\/feuilles-deco-232x300.png 232w\" sizes=\"(max-width: 286px) 100vw, 286px\" \/>\t\t\t\t\t\t\t\t\t\t\t\t\t\t\t<\/div>\n\t\t<div class=\"elementor-element elementor-element-2b03a01 e-con-full e-flex e-con e-child\" data-id=\"2b03a01\" data-element_type=\"container\" data-e-type=\"container\">\n\t\t\t\t<div class=\"elementor-element elementor-element-c40105c animated-slow elementor-invisible elementor-widget elementor-widget-heading\" data-id=\"c40105c\" data-element_type=\"widget\" data-e-type=\"widget\" data-settings=\"{&quot;_animation&quot;:&quot;fadeIn&quot;,&quot;_animation_delay&quot;:100}\" data-widget_type=\"heading.default\">\n\t\t\t\t\t<h2 class=\"elementor-heading-title elementor-size-default\">La Velodisea y La Vuelta a Gironda en Bicicleta: <\/br>rutas excepcionales<\/h2>\t\t\t\t<\/div>\n\t\t\t\t<\/div>\n\t\t<div class=\"elementor-element elementor-element-9f07093 e-con-full e-flex e-con e-child\" data-id=\"9f07093\" data-element_type=\"container\" data-e-type=\"container\">\n\t\t<div class=\"elementor-element elementor-element-3429a2d e-con-full e-flex e-con e-child\" data-id=\"3429a2d\" data-element_type=\"container\" data-e-type=\"container\" data-settings=\"{&quot;background_background&quot;:&quot;classic&quot;,&quot;background_motion_fx_motion_fx_scrolling&quot;:&quot;yes&quot;,&quot;background_motion_fx_devices&quot;:[&quot;widescreen&quot;,&quot;desktop&quot;,&quot;laptop&quot;,&quot;tablet_extra&quot;,&quot;tablet&quot;,&quot;mobile&quot;]}\">\n\t\t\t\t<div class=\"elementor-element elementor-element-3459809 elementor-widget elementor-widget-image\" data-id=\"3459809\" data-element_type=\"widget\" data-e-type=\"widget\" data-widget_type=\"image.default\">\n\t\t\t\t\t\t\t\t\t\t\t\t\t\t\t<img loading=\"lazy\" decoding=\"async\" width=\"667\" height=\"950\" src=\"https:\/\/www.camping-gca.com\/wp-content\/uploads\/2025\/04\/Lacccueil-Velo-1-e1744193949247.jpeg\" class=\"attachment-full size-full wp-image-3933\" alt=\"Camping GCA, camping acogida ciclista cerca de Hourtin\" srcset=\"https:\/\/www.camping-gca.com\/wp-content\/uploads\/2025\/04\/Lacccueil-Velo-1-e1744193949247.jpeg 667w, https:\/\/www.camping-gca.com\/wp-content\/uploads\/2025\/04\/Lacccueil-Velo-1-e1744193949247-211x300.jpeg 211w\" sizes=\"(max-width: 667px) 100vw, 667px\" \/>\t\t\t\t\t\t\t\t\t\t\t\t\t\t\t<\/div>\n\t\t\t\t<\/div>\n\t\t<div class=\"elementor-element elementor-element-f80ba7c e-con-full e-flex e-con e-child\" data-id=\"f80ba7c\" data-element_type=\"container\" data-e-type=\"container\">\n\t\t<div class=\"elementor-element elementor-element-183f6d0 e-con-full e-flex e-con e-child\" data-id=\"183f6d0\" data-element_type=\"container\" data-e-type=\"container\">\n\t\t\t\t<div class=\"elementor-element elementor-element-49328f8 animated-slow elementor-invisible elementor-widget elementor-widget-heading\" data-id=\"49328f8\" data-element_type=\"widget\" data-e-type=\"widget\" data-settings=\"{&quot;_animation&quot;:&quot;fadeInUp&quot;}\" data-widget_type=\"heading.default\">\n\t\t\t\t\t<p class=\"elementor-heading-title elementor-size-default\">Entre bosque, lago y oc\u00e9ano<\/p>\t\t\t\t<\/div>\n\t\t\t\t<div class=\"elementor-element elementor-element-ad192fd elementor-widget elementor-widget-text-editor\" data-id=\"ad192fd\" data-element_type=\"widget\" data-e-type=\"widget\" data-widget_type=\"text-editor.default\">\n\t\t\t\t\t\t\t\t\t<p>Esta ruta m\u00edtica, etiquetada como <b>EuroVelo 1<\/b>, atraviesa paisajes excepcionales entre bosque, lago y oc\u00e9ano. Garantiza una experiencia de cicloturismo segura y agradable, ideal para aventureros de dos ruedas, ya sean aficionados o experimentados. <\/p>\t\t\t\t\t\t\t\t<\/div>\n\t\t\t\t<\/div>\n\t\t<div class=\"elementor-element elementor-element-22494a5 e-con-full e-flex e-con e-child\" data-id=\"22494a5\" data-element_type=\"container\" data-e-type=\"container\">\n\t\t\t\t<div class=\"elementor-element elementor-element-6208ebc animated-slow elementor-invisible elementor-widget elementor-widget-heading\" data-id=\"6208ebc\" data-element_type=\"widget\" data-e-type=\"widget\" data-settings=\"{&quot;_animation&quot;:&quot;fadeInUp&quot;,&quot;_animation_delay&quot;:300}\" data-widget_type=\"heading.default\">\n\t\t\t\t\t<p class=\"elementor-heading-title elementor-size-default\">Destinos al alcance del pedal<\/p>\t\t\t\t<\/div>\n\t\t\t\t<div class=\"elementor-element elementor-element-e548209 elementor-widget elementor-widget-text-editor\" data-id=\"e548209\" data-element_type=\"widget\" data-e-type=\"widget\" data-widget_type=\"text-editor.default\">\n\t\t\t\t\t\t\t\t\t<p>Desde el camping, pedalea con total libertad hasta las playas oce\u00e1nicas, las tranquilas orillas del <b>lago de Hourtin<\/b>, el centro del pueblo o incluso hacia los emblem\u00e1ticos balnearios de <b>Montalivet<\/b> y <b>Soulac-sur-Mer<\/b>.<\/p>\t\t\t\t\t\t\t\t<\/div>\n\t\t\t\t<\/div>\n\t\t<div class=\"elementor-element elementor-element-f50d60f e-con-full e-flex e-con e-child\" data-id=\"f50d60f\" data-element_type=\"container\" data-e-type=\"container\">\n\t\t\t\t<div class=\"elementor-element elementor-element-b05c5fe animated-slow elementor-invisible elementor-widget elementor-widget-heading\" data-id=\"b05c5fe\" data-element_type=\"widget\" data-e-type=\"widget\" data-settings=\"{&quot;_animation&quot;:&quot;fadeInUp&quot;,&quot;_animation_delay&quot;:300}\" data-widget_type=\"heading.default\">\n\t\t\t\t\t<p class=\"elementor-heading-title elementor-size-default\">La Vuelta a Gironda en Bicicleta<\/p>\t\t\t\t<\/div>\n\t\t\t\t<div class=\"elementor-element elementor-element-a1544f8 elementor-widget elementor-widget-text-editor\" data-id=\"a1544f8\" data-element_type=\"widget\" data-e-type=\"widget\" data-widget_type=\"text-editor.default\">\n\t\t\t\t\t\t\t\t\t<p>Parte a descubrir la <strong>Gironda<\/strong> en bicicleta, entre oc\u00e9ano, vi\u00f1edos y un majestuoso estuario. Esta ruta \u00fanica te gu\u00eda a trav\u00e9s de variados paisajes y encantadores pueblos. Desde Burdeos hasta la Cuenca de Arcach\u00f3n, cada etapa es una invitaci\u00f3n a la evasi\u00f3n tranquila.  <\/p>\t\t\t\t\t\t\t\t<\/div>\n\t\t\t\t<\/div>\n\t\t<div class=\"elementor-element elementor-element-79acca7 e-con-full e-flex e-con e-child\" data-id=\"79acca7\" data-element_type=\"container\" data-e-type=\"container\">\n\t\t\t\t<div class=\"elementor-element elementor-element-2453f40 e-transform elementor-widget elementor-widget-button\" data-id=\"2453f40\" data-element_type=\"widget\" data-e-type=\"widget\" data-settings=\"{&quot;_transform_translateY_effect_hover&quot;:{&quot;unit&quot;:&quot;px&quot;,&quot;size&quot;:-3,&quot;sizes&quot;:[]},&quot;_transform_translateX_effect_hover&quot;:{&quot;unit&quot;:&quot;px&quot;,&quot;size&quot;:&quot;&quot;,&quot;sizes&quot;:[]},&quot;_transform_translateX_effect_hover_widescreen&quot;:{&quot;unit&quot;:&quot;px&quot;,&quot;size&quot;:&quot;&quot;,&quot;sizes&quot;:[]},&quot;_transform_translateX_effect_hover_laptop&quot;:{&quot;unit&quot;:&quot;px&quot;,&quot;size&quot;:&quot;&quot;,&quot;sizes&quot;:[]},&quot;_transform_translateX_effect_hover_tablet_extra&quot;:{&quot;unit&quot;:&quot;px&quot;,&quot;size&quot;:&quot;&quot;,&quot;sizes&quot;:[]},&quot;_transform_translateX_effect_hover_tablet&quot;:{&quot;unit&quot;:&quot;px&quot;,&quot;size&quot;:&quot;&quot;,&quot;sizes&quot;:[]},&quot;_transform_translateX_effect_hover_mobile&quot;:{&quot;unit&quot;:&quot;px&quot;,&quot;size&quot;:&quot;&quot;,&quot;sizes&quot;:[]},&quot;_transform_translateY_effect_hover_widescreen&quot;:{&quot;unit&quot;:&quot;px&quot;,&quot;size&quot;:&quot;&quot;,&quot;sizes&quot;:[]},&quot;_transform_translateY_effect_hover_laptop&quot;:{&quot;unit&quot;:&quot;px&quot;,&quot;size&quot;:&quot;&quot;,&quot;sizes&quot;:[]},&quot;_transform_translateY_effect_hover_tablet_extra&quot;:{&quot;unit&quot;:&quot;px&quot;,&quot;size&quot;:&quot;&quot;,&quot;sizes&quot;:[]},&quot;_transform_translateY_effect_hover_tablet&quot;:{&quot;unit&quot;:&quot;px&quot;,&quot;size&quot;:&quot;&quot;,&quot;sizes&quot;:[]},&quot;_transform_translateY_effect_hover_mobile&quot;:{&quot;unit&quot;:&quot;px&quot;,&quot;size&quot;:&quot;&quot;,&quot;sizes&quot;:[]}}\" data-widget_type=\"button.default\">\n\t\t\t\t\t\t\t\t\t\t<a class=\"elementor-button elementor-button-link elementor-size-sm\" href=\"https:\/\/www.francevelotourisme.com\/itineraire\/la-velodyssee\" target=\"_blank\">\n\t\t\t\t\t\t<span class=\"elementor-button-content-wrapper\">\n\t\t\t\t\t\t\t\t\t<span class=\"elementor-button-text\">Descubrir La Velodisea<\/span>\n\t\t\t\t\t<\/span>\n\t\t\t\t\t<\/a>\n\t\t\t\t\t\t\t\t<\/div>\n\t\t<div class=\"elementor-element elementor-element-3a9a3cd e-con-full e-transform e-flex e-con e-child\" data-id=\"3a9a3cd\" data-element_type=\"container\" data-e-type=\"container\" data-settings=\"{&quot;background_background&quot;:&quot;gradient&quot;,&quot;_transform_translateY_effect_hover&quot;:{&quot;unit&quot;:&quot;px&quot;,&quot;size&quot;:-3,&quot;sizes&quot;:[]},&quot;_transform_translateX_effect_hover&quot;:{&quot;unit&quot;:&quot;px&quot;,&quot;size&quot;:&quot;&quot;,&quot;sizes&quot;:[]},&quot;_transform_translateX_effect_hover_widescreen&quot;:{&quot;unit&quot;:&quot;px&quot;,&quot;size&quot;:&quot;&quot;,&quot;sizes&quot;:[]},&quot;_transform_translateX_effect_hover_laptop&quot;:{&quot;unit&quot;:&quot;px&quot;,&quot;size&quot;:&quot;&quot;,&quot;sizes&quot;:[]},&quot;_transform_translateX_effect_hover_tablet_extra&quot;:{&quot;unit&quot;:&quot;px&quot;,&quot;size&quot;:&quot;&quot;,&quot;sizes&quot;:[]},&quot;_transform_translateX_effect_hover_tablet&quot;:{&quot;unit&quot;:&quot;px&quot;,&quot;size&quot;:&quot;&quot;,&quot;sizes&quot;:[]},&quot;_transform_translateX_effect_hover_mobile&quot;:{&quot;unit&quot;:&quot;px&quot;,&quot;size&quot;:&quot;&quot;,&quot;sizes&quot;:[]},&quot;_transform_translateY_effect_hover_widescreen&quot;:{&quot;unit&quot;:&quot;px&quot;,&quot;size&quot;:&quot;&quot;,&quot;sizes&quot;:[]},&quot;_transform_translateY_effect_hover_laptop&quot;:{&quot;unit&quot;:&quot;px&quot;,&quot;size&quot;:&quot;&quot;,&quot;sizes&quot;:[]},&quot;_transform_translateY_effect_hover_tablet_extra&quot;:{&quot;unit&quot;:&quot;px&quot;,&quot;size&quot;:&quot;&quot;,&quot;sizes&quot;:[]},&quot;_transform_translateY_effect_hover_tablet&quot;:{&quot;unit&quot;:&quot;px&quot;,&quot;size&quot;:&quot;&quot;,&quot;sizes&quot;:[]},&quot;_transform_translateY_effect_hover_mobile&quot;:{&quot;unit&quot;:&quot;px&quot;,&quot;size&quot;:&quot;&quot;,&quot;sizes&quot;:[]}}\">\n\t\t\t\t<div class=\"elementor-element elementor-element-fe77996 elementor-align-center elementor-widget elementor-widget-button\" data-id=\"fe77996\" data-element_type=\"widget\" data-e-type=\"widget\" data-widget_type=\"button.default\">\n\t\t\t\t\t\t\t\t\t\t<a class=\"elementor-button elementor-button-link elementor-size-sm\" href=\"https:\/\/www.francevelotourisme.com\/itineraire\/le-tour-de-gironde-a-velo\">\n\t\t\t\t\t\t<span class=\"elementor-button-content-wrapper\">\n\t\t\t\t\t\t\t\t\t<span class=\"elementor-button-text\">Descubrir La Vuelta a Gironda en Bicicleta <\/span>\n\t\t\t\t\t<\/span>\n\t\t\t\t\t<\/a>\n\t\t\t\t\t\t\t\t<\/div>\n\t\t\t\t<\/div>\n\t\t\t\t<\/div>\n\t\t\t\t<\/div>\n\t\t\t\t<\/div>\n\t\t\t\t\t<\/div>\n\t\t\t\t<\/div>\n\t\t\t\t\t<\/div>\n\t\t\t\t<\/section>\n\t\t<section class=\"elementor-element elementor-element-bdbd854 e-flex e-con-boxed e-con e-parent\" data-id=\"bdbd854\" data-element_type=\"container\" data-e-type=\"container\">\n\t\t\t\t\t<div class=\"e-con-inner\">\n\t\t\t\t<div class=\"elementor-element elementor-element-13fff2d elementor-widget elementor-widget-global elementor-global-308 elementor-widget-spacer\" data-id=\"13fff2d\" data-element_type=\"widget\" data-e-type=\"widget\" data-widget_type=\"spacer.default\">\n\t\t\t\t\t\t\t<div class=\"elementor-spacer\">\n\t\t\t<div class=\"elementor-spacer-inner\"><\/div>\n\t\t<\/div>\n\t\t\t\t\t\t<\/div>\n\t\t<div class=\"elementor-element elementor-element-b8d6c7e e-con-full e-flex e-con e-child\" data-id=\"b8d6c7e\" data-element_type=\"container\" data-e-type=\"container\">\n\t\t<div class=\"elementor-element elementor-element-528fc0f e-con-full e-flex e-con e-child\" data-id=\"528fc0f\" data-element_type=\"container\" data-e-type=\"container\">\n\t\t\t\t<div class=\"elementor-element elementor-element-88681d5 animated-slow elementor-invisible elementor-widget elementor-widget-heading\" data-id=\"88681d5\" data-element_type=\"widget\" data-e-type=\"widget\" data-settings=\"{&quot;_animation&quot;:&quot;fadeIn&quot;,&quot;_animation_delay&quot;:100}\" data-widget_type=\"heading.default\">\n\t\t\t\t\t<h2 class=\"elementor-heading-title elementor-size-default\">Un camping pensado para los ciclistas<\/h2>\t\t\t\t<\/div>\n\t\t\t\t<div class=\"elementor-element elementor-element-e1c9c50 elementor-widget elementor-widget-text-editor\" data-id=\"e1c9c50\" data-element_type=\"widget\" data-e-type=\"widget\" data-widget_type=\"text-editor.default\">\n\t\t\t\t\t\t\t\t\t<p>Conscientes de las necesidades espec\u00edficas de los cicloturistas, nuestro <a href=\"https:\/\/www.camping-gca.com\/aire-naturelle-de-camping-gironde\/\"><b>camping cerca de Hourtin<\/b><\/a> pone a disposici\u00f3n todas las infraestructuras necesarias para garantizar una estancia c\u00f3moda y sin restricciones.<\/p><p>Gracias a nuestra etiqueta <b>Bienvenida Ciclista<\/b>, ofrecemos servicios adaptados a cada etapa de tu recorrido.<\/p>\t\t\t\t\t\t\t\t<\/div>\n\t\t\t\t<\/div>\n\t\t\t\t<\/div>\n\t\t<div class=\"elementor-element elementor-element-ad2c487 e-con-full e-flex e-con e-child\" data-id=\"ad2c487\" data-element_type=\"container\" data-e-type=\"container\">\n\t\t<div class=\"elementor-element elementor-element-de8752b e-con-full e-flex e-con e-child\" data-id=\"de8752b\" data-element_type=\"container\" data-e-type=\"container\">\n\t\t<div class=\"elementor-element elementor-element-ef30fce e-con-full e-flex e-con e-child\" data-id=\"ef30fce\" data-element_type=\"container\" data-e-type=\"container\">\n\t\t\t\t<div class=\"elementor-element elementor-element-b1e9b7d elementor-widget elementor-widget-image\" data-id=\"b1e9b7d\" data-element_type=\"widget\" data-e-type=\"widget\" data-widget_type=\"image.default\">\n\t\t\t\t\t\t\t\t\t\t\t\t\t\t\t<img loading=\"lazy\" decoding=\"async\" width=\"800\" height=\"390\" src=\"https:\/\/www.camping-gca.com\/wp-content\/uploads\/2025\/04\/Le-parc-Les-emplacements-91.jpg\" class=\"attachment-large size-large wp-image-3934\" alt=\"Alojamiento flexible para cicloturistas, en el camping GCA, \u00e1rea natural de camping en Gironda\" srcset=\"https:\/\/www.camping-gca.com\/wp-content\/uploads\/2025\/04\/Le-parc-Les-emplacements-91.jpg 1000w, https:\/\/www.camping-gca.com\/wp-content\/uploads\/2025\/04\/Le-parc-Les-emplacements-91-300x146.jpg 300w, https:\/\/www.camping-gca.com\/wp-content\/uploads\/2025\/04\/Le-parc-Les-emplacements-91-768x374.jpg 768w\" sizes=\"(max-width: 800px) 100vw, 800px\" \/>\t\t\t\t\t\t\t\t\t\t\t\t\t\t\t<\/div>\n\t\t<div class=\"elementor-element elementor-element-31d8e3c e-con-full e-flex e-con e-child\" data-id=\"31d8e3c\" data-element_type=\"container\" data-e-type=\"container\">\n\t\t\t\t<div class=\"elementor-element elementor-element-95ac347 elementor-invisible elementor-widget elementor-widget-heading\" data-id=\"95ac347\" data-element_type=\"widget\" data-e-type=\"widget\" data-settings=\"{&quot;_animation&quot;:&quot;fadeIn&quot;,&quot;_animation_delay&quot;:100}\" data-widget_type=\"heading.default\">\n\t\t\t\t\t<h3 class=\"elementor-heading-title elementor-size-default\">Alojamiento flexible para cicloturistas<\/h3>\t\t\t\t<\/div>\n\t\t\t\t<div class=\"elementor-element elementor-element-46fb3b7 elementor-widget elementor-widget-text-editor\" data-id=\"46fb3b7\" data-element_type=\"widget\" data-e-type=\"widget\" data-widget_type=\"text-editor.default\">\n\t\t\t\t\t\t\t\t\t<p>Entendemos que los ciclistas en ruta buscan soluciones de alojamiento flexibles y adaptadas a su ritmo de viaje.<\/p><p>Nuestras <a href=\"https:\/\/www.camping-gca.com\/aire-naturelle-de-camping-gironde\/\"><strong>parcelas espaciosas y en plena naturaleza<\/strong><\/a> garantizan un descanso \u00f3ptimo despu\u00e9s de un d\u00eda de pedaleo, ofreciendo as\u00ed a los viajeros una pausa confortable antes de retomar el camino.<\/p>\t\t\t\t\t\t\t\t<\/div>\n\t\t\t\t<\/div>\n\t\t\t\t<\/div>\n\t\t<div class=\"elementor-element elementor-element-e62512a e-con-full e-flex e-con e-child\" data-id=\"e62512a\" data-element_type=\"container\" data-e-type=\"container\">\n\t\t\t\t<div class=\"elementor-element elementor-element-d80d277 elementor-widget elementor-widget-image\" data-id=\"d80d277\" data-element_type=\"widget\" data-e-type=\"widget\" data-widget_type=\"image.default\">\n\t\t\t\t\t\t\t\t\t\t\t\t\t\t\t<img loading=\"lazy\" decoding=\"async\" width=\"800\" height=\"450\" src=\"https:\/\/www.camping-gca.com\/wp-content\/uploads\/2025\/03\/balades-vtt-gironde-1024x576.jpg\" class=\"attachment-large size-large wp-image-3935\" alt=\"El camping GCA en Naujac-sur-Mer en Gironda, pone a disposici\u00f3n de los ciclistas un local seguro\" srcset=\"https:\/\/www.camping-gca.com\/wp-content\/uploads\/2025\/03\/balades-vtt-gironde-1024x576.jpg 1024w, https:\/\/www.camping-gca.com\/wp-content\/uploads\/2025\/03\/balades-vtt-gironde-300x169.jpg 300w, https:\/\/www.camping-gca.com\/wp-content\/uploads\/2025\/03\/balades-vtt-gironde-768x432.jpg 768w, https:\/\/www.camping-gca.com\/wp-content\/uploads\/2025\/03\/balades-vtt-gironde.jpg 1500w\" sizes=\"(max-width: 800px) 100vw, 800px\" \/>\t\t\t\t\t\t\t\t\t\t\t\t\t\t\t<\/div>\n\t\t<div class=\"elementor-element elementor-element-4d29127 e-con-full e-flex e-con e-child\" data-id=\"4d29127\" data-element_type=\"container\" data-e-type=\"container\">\n\t\t\t\t<div class=\"elementor-element elementor-element-b37cc5c elementor-invisible elementor-widget elementor-widget-heading\" data-id=\"b37cc5c\" data-element_type=\"widget\" data-e-type=\"widget\" data-settings=\"{&quot;_animation&quot;:&quot;fadeIn&quot;,&quot;_animation_delay&quot;:100}\" data-widget_type=\"heading.default\">\n\t\t\t\t\t<h3 class=\"elementor-heading-title elementor-size-default\">Seguridad y mantenimiento de tu bicicleta<\/h3>\t\t\t\t<\/div>\n\t\t\t\t<div class=\"elementor-element elementor-element-a57428f elementor-widget elementor-widget-text-editor\" data-id=\"a57428f\" data-element_type=\"widget\" data-e-type=\"widget\" data-widget_type=\"text-editor.default\">\n\t\t\t\t\t\t\t\t\t<p>Viajar en bicicleta requiere infraestructuras adaptadas para garantizar la seguridad y el mantenimiento de tu montura. Por eso, nuestro camping pone a tu disposici\u00f3n un <b>local seguro<\/b>, donde podr\u00e1s guardar, si lo deseas, tu bicicleta con total tranquilidad. <\/p>\t\t\t\t\t\t\t\t<\/div>\n\t\t\t\t<div class=\"elementor-element elementor-element-33feb3a elementor-widget elementor-widget-text-editor\" data-id=\"33feb3a\" data-element_type=\"widget\" data-e-type=\"widget\" data-widget_type=\"text-editor.default\">\n\t\t\t\t\t\t\t\t\t<p>Para evitar cualquier sorpresa desagradable en el camino, hay disponible un <b>kit de reparaci\u00f3n<\/b> para realizar peque\u00f1as reparaciones habituales. <\/p>\t\t\t\t\t\t\t\t<\/div>\n\t\t\t\t<div class=\"elementor-element elementor-element-925d200 elementor-widget elementor-widget-text-editor\" data-id=\"925d200\" data-element_type=\"widget\" data-e-type=\"widget\" data-widget_type=\"text-editor.default\">\n\t\t\t\t\t\t\t\t\t<p>Adem\u00e1s, se ha habilitado un <b>espacio de limpieza<\/b> para mantener tu bicicleta despu\u00e9s de un paseo por los senderos arenosos o por el bosque, garantizando as\u00ed que el equipo est\u00e9 siempre listo para tus pr\u00f3ximas aventuras.<\/p>\t\t\t\t\t\t\t\t<\/div>\n\t\t\t\t<\/div>\n\t\t\t\t<\/div>\n\t\t<div class=\"elementor-element elementor-element-bee2622 e-con-full e-flex e-con e-child\" data-id=\"bee2622\" data-element_type=\"container\" data-e-type=\"container\">\n\t\t\t\t<div class=\"elementor-element elementor-element-9cb6629 elementor-widget elementor-widget-image\" data-id=\"9cb6629\" data-element_type=\"widget\" data-e-type=\"widget\" data-widget_type=\"image.default\">\n\t\t\t\t\t\t\t\t\t\t\t\t\t\t\t<img loading=\"lazy\" decoding=\"async\" width=\"800\" height=\"450\" src=\"https:\/\/www.camping-gca.com\/wp-content\/uploads\/2025\/04\/Lespace-commun-et-les-barbecues-3.jpg\" class=\"attachment-large size-large wp-image-3875\" alt=\"El espacio com\u00fan del camping GCA, \u00e1rea natural de camping en Gironda\" srcset=\"https:\/\/www.camping-gca.com\/wp-content\/uploads\/2025\/04\/Lespace-commun-et-les-barbecues-3.jpg 1000w, https:\/\/www.camping-gca.com\/wp-content\/uploads\/2025\/04\/Lespace-commun-et-les-barbecues-3-300x169.jpg 300w, https:\/\/www.camping-gca.com\/wp-content\/uploads\/2025\/04\/Lespace-commun-et-les-barbecues-3-768x432.jpg 768w\" sizes=\"(max-width: 800px) 100vw, 800px\" \/>\t\t\t\t\t\t\t\t\t\t\t\t\t\t\t<\/div>\n\t\t<div class=\"elementor-element elementor-element-0fcda9e e-con-full e-flex e-con e-child\" data-id=\"0fcda9e\" data-element_type=\"container\" data-e-type=\"container\">\n\t\t\t\t<div class=\"elementor-element elementor-element-09525f8 elementor-invisible elementor-widget elementor-widget-heading\" data-id=\"09525f8\" data-element_type=\"widget\" data-e-type=\"widget\" data-settings=\"{&quot;_animation&quot;:&quot;fadeIn&quot;,&quot;_animation_delay&quot;:300}\" data-widget_type=\"heading.default\">\n\t\t\t\t\t<h2 class=\"elementor-heading-title elementor-size-default\">Comodidad y restauraci\u00f3n in situ<\/h2>\t\t\t\t<\/div>\n\t\t\t\t<div class=\"elementor-element elementor-element-f489ab2 elementor-widget elementor-widget-text-editor\" data-id=\"f489ab2\" data-element_type=\"widget\" data-e-type=\"widget\" data-widget_type=\"text-editor.default\">\n\t\t\t\t\t\t\t\t\t<p>\u00a1Un buen pedaleo suele ir acompa\u00f1ado de una buena comida! Para satisfacer las necesidades de los ciclistas, ofrecemos un servicio de desayuno para empezar bien el d\u00eda, as\u00ed como espacios dedicados a la preparaci\u00f3n de comidas, permitiendo a los viajeros cocinar con total autonom\u00eda. <\/p>\t\t\t\t\t\t\t\t<\/div>\n\t\t\t\t<\/div>\n\t\t\t\t<\/div>\n\t\t\t\t<\/div>\n\t\t<div class=\"elementor-element elementor-element-3ddd826 e-con-full e-flex e-con e-child\" data-id=\"3ddd826\" data-element_type=\"container\" data-e-type=\"container\" data-settings=\"{&quot;background_background&quot;:&quot;classic&quot;,&quot;position&quot;:&quot;absolute&quot;}\">\n\t\t\t\t<\/div>\n\t\t\t\t<\/div>\n\t\t\t\t\t<\/div>\n\t\t\t\t<\/section>\n\t\t<div class=\"elementor-element elementor-element-417f4b1 e-flex e-con-boxed e-con e-parent\" data-id=\"417f4b1\" data-element_type=\"container\" data-e-type=\"container\">\n\t\t\t\t\t<div class=\"e-con-inner\">\n\t\t\t\t<div class=\"elementor-element elementor-element-2357b87 elementor-widget elementor-widget-global elementor-global-150 elementor-widget-spacer\" data-id=\"2357b87\" data-element_type=\"widget\" data-e-type=\"widget\" data-widget_type=\"spacer.default\">\n\t\t\t\t\t\t\t<div class=\"elementor-spacer\">\n\t\t\t<div class=\"elementor-spacer-inner\"><\/div>\n\t\t<\/div>\n\t\t\t\t\t\t<\/div>\n\t\t\t\t<div class=\"elementor-element elementor-element-99bed29 elementor-widget elementor-widget-text-editor\" data-id=\"99bed29\" data-element_type=\"widget\" data-e-type=\"widget\" data-widget_type=\"text-editor.default\">\n\t\t\t\t\t\t\t\t\t<p>Ofrecemos en temporada baja y alta una tarifa preferencial por noche, sin obligaci\u00f3n de estancia m\u00ednima, ideal para etapas cortas.<\/p>\t\t\t\t\t\t\t\t<\/div>\n\t\t\t\t<div class=\"elementor-element elementor-element-dce32c7 e-transform detail-card-btn elementor-align-center elementor-widget elementor-widget-button\" data-id=\"dce32c7\" data-element_type=\"widget\" data-e-type=\"widget\" data-settings=\"{&quot;_transform_translateY_effect_hover&quot;:{&quot;unit&quot;:&quot;px&quot;,&quot;size&quot;:-3,&quot;sizes&quot;:[]},&quot;_transform_translateX_effect_hover&quot;:{&quot;unit&quot;:&quot;px&quot;,&quot;size&quot;:&quot;&quot;,&quot;sizes&quot;:[]},&quot;_transform_translateX_effect_hover_widescreen&quot;:{&quot;unit&quot;:&quot;px&quot;,&quot;size&quot;:&quot;&quot;,&quot;sizes&quot;:[]},&quot;_transform_translateX_effect_hover_laptop&quot;:{&quot;unit&quot;:&quot;px&quot;,&quot;size&quot;:&quot;&quot;,&quot;sizes&quot;:[]},&quot;_transform_translateX_effect_hover_tablet_extra&quot;:{&quot;unit&quot;:&quot;px&quot;,&quot;size&quot;:&quot;&quot;,&quot;sizes&quot;:[]},&quot;_transform_translateX_effect_hover_tablet&quot;:{&quot;unit&quot;:&quot;px&quot;,&quot;size&quot;:&quot;&quot;,&quot;sizes&quot;:[]},&quot;_transform_translateX_effect_hover_mobile&quot;:{&quot;unit&quot;:&quot;px&quot;,&quot;size&quot;:&quot;&quot;,&quot;sizes&quot;:[]},&quot;_transform_translateY_effect_hover_widescreen&quot;:{&quot;unit&quot;:&quot;px&quot;,&quot;size&quot;:&quot;&quot;,&quot;sizes&quot;:[]},&quot;_transform_translateY_effect_hover_laptop&quot;:{&quot;unit&quot;:&quot;px&quot;,&quot;size&quot;:&quot;&quot;,&quot;sizes&quot;:[]},&quot;_transform_translateY_effect_hover_tablet_extra&quot;:{&quot;unit&quot;:&quot;px&quot;,&quot;size&quot;:&quot;&quot;,&quot;sizes&quot;:[]},&quot;_transform_translateY_effect_hover_tablet&quot;:{&quot;unit&quot;:&quot;px&quot;,&quot;size&quot;:&quot;&quot;,&quot;sizes&quot;:[]},&quot;_transform_translateY_effect_hover_mobile&quot;:{&quot;unit&quot;:&quot;px&quot;,&quot;size&quot;:&quot;&quot;,&quot;sizes&quot;:[]}}\" data-widget_type=\"button.default\">\n\t\t\t\t\t\t\t\t\t\t<a class=\"elementor-button elementor-button-link elementor-size-sm\" href=\"https:\/\/www.camping-gca.com\/tarifs\/\">\n\t\t\t\t\t\t<span class=\"elementor-button-content-wrapper\">\n\t\t\t\t\t\t\t\t\t<span class=\"elementor-button-text\">Ver nuestras tarifas<\/span>\n\t\t\t\t\t<\/span>\n\t\t\t\t\t<\/a>\n\t\t\t\t\t\t\t\t<\/div>\n\t\t\t\t\t<\/div>\n\t\t\t\t<\/div>\n\t\t<div class=\"elementor-element elementor-element-b6a7e5f e-flex e-con-boxed e-con e-parent\" data-id=\"b6a7e5f\" data-element_type=\"container\" data-e-type=\"container\">\n\t\t\t\t\t<div class=\"e-con-inner\">\n\t\t\t\t<div class=\"elementor-element elementor-element-304067e elementor-widget elementor-widget-global elementor-global-308 elementor-widget-spacer\" data-id=\"304067e\" data-element_type=\"widget\" data-e-type=\"widget\" data-widget_type=\"spacer.default\">\n\t\t\t\t\t\t\t<div class=\"elementor-spacer\">\n\t\t\t<div class=\"elementor-spacer-inner\"><\/div>\n\t\t<\/div>\n\t\t\t\t\t\t<\/div>\n\t\t<div class=\"elementor-element elementor-element-743bf9c e-con-full e-flex e-con e-child\" data-id=\"743bf9c\" data-element_type=\"container\" data-e-type=\"container\">\n\t\t<div class=\"elementor-element elementor-element-3acb5e0 e-con-full e-flex e-con e-child\" data-id=\"3acb5e0\" data-element_type=\"container\" data-e-type=\"container\">\n\t\t\t\t<div class=\"elementor-element elementor-element-ccc33bc animated-slow elementor-invisible elementor-widget elementor-widget-heading\" data-id=\"ccc33bc\" data-element_type=\"widget\" data-e-type=\"widget\" data-settings=\"{&quot;_animation&quot;:&quot;fadeIn&quot;,&quot;_animation_delay&quot;:100}\" data-widget_type=\"heading.default\">\n\t\t\t\t\t<h2 class=\"elementor-heading-title elementor-size-default\">Descubre los tesoros de Hourtin y de la Gironda en bicicleta<\/h2>\t\t\t\t<\/div>\n\t\t\t\t<\/div>\n\t\t\t\t<\/div>\n\t\t<div class=\"elementor-element elementor-element-0c96eb2 e-con-full e-flex e-con e-child\" data-id=\"0c96eb2\" data-element_type=\"container\" data-e-type=\"container\">\n\t\t<div class=\"elementor-element elementor-element-c2a8d5a e-con-full avantages-card e-flex e-con e-child\" data-id=\"c2a8d5a\" data-element_type=\"container\" data-e-type=\"container\">\n\t\t<div class=\"elementor-element elementor-element-a1a799d e-con-full e-flex e-con e-child\" data-id=\"a1a799d\" data-element_type=\"container\" data-e-type=\"container\">\n\t\t<div class=\"elementor-element elementor-element-d1aca81 e-con-full e-flex e-con e-child\" data-id=\"d1aca81\" data-element_type=\"container\" data-e-type=\"container\">\n\t\t\t\t<div class=\"elementor-element elementor-element-24894d8 elementor-widget elementor-widget-heading\" data-id=\"24894d8\" data-element_type=\"widget\" data-e-type=\"widget\" data-widget_type=\"heading.default\">\n\t\t\t\t\t<p class=\"elementor-heading-title elementor-size-default\">01<\/p>\t\t\t\t<\/div>\n\t\t\t\t<div class=\"elementor-element elementor-element-80a42c2 elementor-invisible elementor-widget elementor-widget-heading\" data-id=\"80a42c2\" data-element_type=\"widget\" data-e-type=\"widget\" data-settings=\"{&quot;_animation&quot;:&quot;fadeIn&quot;,&quot;_animation_delay&quot;:100}\" data-widget_type=\"heading.default\">\n\t\t\t\t\t<h3 class=\"elementor-heading-title elementor-size-default\">Parte a descubrir los tesoros de la regi\u00f3n<\/h3>\t\t\t\t<\/div>\n\t\t\t\t<\/div>\n\t\t\t\t<div class=\"elementor-element elementor-element-98ffd82 elementor-widget elementor-widget-text-editor\" data-id=\"98ffd82\" data-element_type=\"widget\" data-e-type=\"widget\" data-widget_type=\"text-editor.default\">\n\t\t\t\t\t\t\t\t\t<p>Alojarse en nuestro <b>camping cerca de Hourtin<\/b> es tambi\u00e9n la oportunidad de partir a descubrir las maravillas de la regi\u00f3n. Gracias a la <b>desarrollada red de carriles bici<\/b>, explora f\u00e1cilmente las riquezas naturales y culturales de los alrededores. <\/p>\t\t\t\t\t\t\t\t<\/div>\n\t\t\t\t<\/div>\n\t\t<div class=\"elementor-element elementor-element-1509414 e-con-full e-flex e-con e-child\" data-id=\"1509414\" data-element_type=\"container\" data-e-type=\"container\">\n\t\t\t\t<div class=\"elementor-element elementor-element-83b686a avantages-card-photo elementor-widget elementor-widget-image\" data-id=\"83b686a\" data-element_type=\"widget\" data-e-type=\"widget\" data-settings=\"{&quot;motion_fx_motion_fx_scrolling&quot;:&quot;yes&quot;,&quot;motion_fx_devices&quot;:[&quot;widescreen&quot;,&quot;desktop&quot;,&quot;laptop&quot;,&quot;tablet_extra&quot;,&quot;tablet&quot;,&quot;mobile&quot;]}\" data-widget_type=\"image.default\">\n\t\t\t\t\t\t\t\t\t\t\t\t\t\t\t<img loading=\"lazy\" decoding=\"async\" width=\"576\" height=\"1024\" src=\"https:\/\/www.camping-gca.com\/wp-content\/uploads\/2025\/04\/Le-parc-Les-emplacements-31-576x1024.jpeg\" class=\"attachment-large size-large wp-image-3936\" alt=\"Descubrimiento en bicicleta desde el camping GCA de los tesoros de la regi\u00f3n\" srcset=\"https:\/\/www.camping-gca.com\/wp-content\/uploads\/2025\/04\/Le-parc-Les-emplacements-31-576x1024.jpeg 576w, https:\/\/www.camping-gca.com\/wp-content\/uploads\/2025\/04\/Le-parc-Les-emplacements-31-169x300.jpeg 169w, https:\/\/www.camping-gca.com\/wp-content\/uploads\/2025\/04\/Le-parc-Les-emplacements-31-768x1365.jpeg 768w, https:\/\/www.camping-gca.com\/wp-content\/uploads\/2025\/04\/Le-parc-Les-emplacements-31-864x1536.jpeg 864w, https:\/\/www.camping-gca.com\/wp-content\/uploads\/2025\/04\/Le-parc-Les-emplacements-31.jpeg 1080w\" sizes=\"(max-width: 576px) 100vw, 576px\" \/>\t\t\t\t\t\t\t\t\t\t\t\t\t\t\t<\/div>\n\t\t\t\t<\/div>\n\t\t\t\t<\/div>\n\t\t<div class=\"elementor-element elementor-element-cf4e264 e-con-full avantages-card e-flex e-con e-child\" data-id=\"cf4e264\" data-element_type=\"container\" data-e-type=\"container\">\n\t\t<div class=\"elementor-element elementor-element-dfb8ec7 e-con-full e-flex e-con e-child\" data-id=\"dfb8ec7\" data-element_type=\"container\" data-e-type=\"container\">\n\t\t\t\t<div class=\"elementor-element elementor-element-3142c2f avantages-card-photo elementor-widget elementor-widget-image\" data-id=\"3142c2f\" data-element_type=\"widget\" data-e-type=\"widget\" data-settings=\"{&quot;motion_fx_motion_fx_scrolling&quot;:&quot;yes&quot;,&quot;motion_fx_devices&quot;:[&quot;widescreen&quot;,&quot;desktop&quot;,&quot;laptop&quot;,&quot;tablet_extra&quot;,&quot;tablet&quot;,&quot;mobile&quot;]}\" data-widget_type=\"image.default\">\n\t\t\t\t\t\t\t\t\t\t\t\t\t\t\t<img loading=\"lazy\" decoding=\"async\" width=\"800\" height=\"450\" src=\"https:\/\/www.camping-gca.com\/wp-content\/uploads\/2025\/03\/lac-d-hourtin-aire-naturelle-de-camping-gironde-1024x576.jpg\" class=\"attachment-large size-large wp-image-3937\" alt=\"El lago de Hourtin: Un remanso de paz accesible en bicicleta, desde el camping GCA, \u00e1rea natural de camping en Gironda\" srcset=\"https:\/\/www.camping-gca.com\/wp-content\/uploads\/2025\/03\/lac-d-hourtin-aire-naturelle-de-camping-gironde-1024x576.jpg 1024w, https:\/\/www.camping-gca.com\/wp-content\/uploads\/2025\/03\/lac-d-hourtin-aire-naturelle-de-camping-gironde-300x169.jpg 300w, https:\/\/www.camping-gca.com\/wp-content\/uploads\/2025\/03\/lac-d-hourtin-aire-naturelle-de-camping-gironde-768x432.jpg 768w, https:\/\/www.camping-gca.com\/wp-content\/uploads\/2025\/03\/lac-d-hourtin-aire-naturelle-de-camping-gironde.jpg 1500w\" sizes=\"(max-width: 800px) 100vw, 800px\" \/>\t\t\t\t\t\t\t\t\t\t\t\t\t\t\t<\/div>\n\t\t\t\t<\/div>\n\t\t<div class=\"elementor-element elementor-element-8ed9618 e-con-full e-flex e-con e-child\" data-id=\"8ed9618\" data-element_type=\"container\" data-e-type=\"container\" data-settings=\"{&quot;background_background&quot;:&quot;classic&quot;}\">\n\t\t<div class=\"elementor-element elementor-element-c4fbe7f e-con-full e-flex e-con e-child\" data-id=\"c4fbe7f\" data-element_type=\"container\" data-e-type=\"container\">\n\t\t\t\t<div class=\"elementor-element elementor-element-75ca9a3 elementor-widget elementor-widget-heading\" data-id=\"75ca9a3\" data-element_type=\"widget\" data-e-type=\"widget\" data-widget_type=\"heading.default\">\n\t\t\t\t\t<p class=\"elementor-heading-title elementor-size-default\">02<\/p>\t\t\t\t<\/div>\n\t\t\t\t<div class=\"elementor-element elementor-element-acb5903 elementor-invisible elementor-widget elementor-widget-heading\" data-id=\"acb5903\" data-element_type=\"widget\" data-e-type=\"widget\" data-settings=\"{&quot;_animation&quot;:&quot;fadeIn&quot;,&quot;_animation_delay&quot;:300}\" data-widget_type=\"heading.default\">\n\t\t\t\t\t<h3 class=\"elementor-heading-title elementor-size-default\">El lago de Hourtin: Un remanso de paz accesible en bicicleta<\/h3>\t\t\t\t<\/div>\n\t\t\t\t<\/div>\n\t\t\t\t<div class=\"elementor-element elementor-element-d44c559 elementor-widget elementor-widget-text-editor\" data-id=\"d44c559\" data-element_type=\"widget\" data-e-type=\"widget\" data-widget_type=\"text-editor.default\">\n\t\t\t\t\t\t\t\t\t<p>A solo unos pedales del camping, el <b>lago de Hourtin<\/b>, el lago de agua dulce m\u00e1s grande de Francia, es una parada imprescindible. Con sus tranquilas playas, sus senderos sombreados y sus numerosas actividades n\u00e1uticas, es un lugar ideal para una pausa relajante despu\u00e9s de un largo d\u00eda sobre el sill\u00edn. <\/p>\t\t\t\t\t\t\t\t<\/div>\n\t\t\t\t<\/div>\n\t\t\t\t<\/div>\n\t\t<div class=\"elementor-element elementor-element-7e30320 e-con-full avantages-card e-flex e-con e-child\" data-id=\"7e30320\" data-element_type=\"container\" data-e-type=\"container\">\n\t\t<div class=\"elementor-element elementor-element-dcf20fc e-con-full e-flex e-con e-child\" data-id=\"dcf20fc\" data-element_type=\"container\" data-e-type=\"container\">\n\t\t<div class=\"elementor-element elementor-element-96bf816 e-con-full e-flex e-con e-child\" data-id=\"96bf816\" data-element_type=\"container\" data-e-type=\"container\">\n\t\t\t\t<div class=\"elementor-element elementor-element-9fbc03b elementor-widget elementor-widget-heading\" data-id=\"9fbc03b\" data-element_type=\"widget\" data-e-type=\"widget\" data-widget_type=\"heading.default\">\n\t\t\t\t\t<p class=\"elementor-heading-title elementor-size-default\">03<\/p>\t\t\t\t<\/div>\n\t\t\t\t<div class=\"elementor-element elementor-element-d131fab elementor-invisible elementor-widget elementor-widget-heading\" data-id=\"d131fab\" data-element_type=\"widget\" data-e-type=\"widget\" data-settings=\"{&quot;_animation&quot;:&quot;fadeIn&quot;,&quot;_animation_delay&quot;:600}\" data-widget_type=\"heading.default\">\n\t\t\t\t\t<h3 class=\"elementor-heading-title elementor-size-default\">El oc\u00e9ano y sus inmensas playas salvajes<\/h3>\t\t\t\t<\/div>\n\t\t\t\t<\/div>\n\t\t\t\t<div class=\"elementor-element elementor-element-13a1dc0 elementor-widget elementor-widget-text-editor\" data-id=\"13a1dc0\" data-element_type=\"widget\" data-e-type=\"widget\" data-widget_type=\"text-editor.default\">\n\t\t\t\t\t\t\t\t\t<p>Las <a href=\"https:\/\/www.camping-gca.com\/es\/alrededores\/\"><b>playas oce\u00e1nicas de Hourtin<\/b>,<\/a> accesibles por el carril bici, ofrecen un espect\u00e1culo \u00fanico entre dunas y olas infinitas. Ya sea que quieras ba\u00f1arte, admirar la puesta de sol o simplemente disfrutar del aire libre, son una parada obligatoria para cualquier ciclista en busca de naturaleza y desconexi\u00f3n. <\/p>\t\t\t\t\t\t\t\t<\/div>\n\t\t\t\t<\/div>\n\t\t<div class=\"elementor-element elementor-element-a0d8ee7 e-con-full e-flex e-con e-child\" data-id=\"a0d8ee7\" data-element_type=\"container\" data-e-type=\"container\">\n\t\t\t\t<div class=\"elementor-element elementor-element-880dc80 avantages-card-photo elementor-widget elementor-widget-image\" data-id=\"880dc80\" data-element_type=\"widget\" data-e-type=\"widget\" data-settings=\"{&quot;motion_fx_motion_fx_scrolling&quot;:&quot;yes&quot;,&quot;motion_fx_devices&quot;:[&quot;widescreen&quot;,&quot;desktop&quot;,&quot;laptop&quot;,&quot;tablet_extra&quot;,&quot;tablet&quot;,&quot;mobile&quot;]}\" data-widget_type=\"image.default\">\n\t\t\t\t\t\t\t\t\t\t\t\t\t\t\t<img loading=\"lazy\" decoding=\"async\" width=\"1000\" height=\"563\" src=\"https:\/\/www.camping-gca.com\/wp-content\/uploads\/2025\/04\/Locean-8.jpeg\" class=\"attachment-full size-full wp-image-3938\" alt=\"Las playas oce\u00e1nicas de Hourtin son accesibles a trav\u00e9s del carril bici\" srcset=\"https:\/\/www.camping-gca.com\/wp-content\/uploads\/2025\/04\/Locean-8.jpeg 1000w, https:\/\/www.camping-gca.com\/wp-content\/uploads\/2025\/04\/Locean-8-300x169.jpeg 300w, https:\/\/www.camping-gca.com\/wp-content\/uploads\/2025\/04\/Locean-8-768x432.jpeg 768w\" sizes=\"(max-width: 1000px) 100vw, 1000px\" \/>\t\t\t\t\t\t\t\t\t\t\t\t\t\t\t<\/div>\n\t\t\t\t<\/div>\n\t\t\t\t<\/div>\n\t\t<div class=\"elementor-element elementor-element-a8b7b0e e-con-full avantages-card e-flex e-con e-child\" data-id=\"a8b7b0e\" data-element_type=\"container\" data-e-type=\"container\">\n\t\t<div class=\"elementor-element elementor-element-1d41b0e e-con-full e-flex e-con e-child\" data-id=\"1d41b0e\" data-element_type=\"container\" data-e-type=\"container\">\n\t\t\t\t<div class=\"elementor-element elementor-element-405e31e avantages-card-photo elementor-widget elementor-widget-image\" data-id=\"405e31e\" data-element_type=\"widget\" data-e-type=\"widget\" data-settings=\"{&quot;motion_fx_motion_fx_scrolling&quot;:&quot;yes&quot;,&quot;motion_fx_devices&quot;:[&quot;widescreen&quot;,&quot;desktop&quot;,&quot;laptop&quot;,&quot;tablet_extra&quot;,&quot;tablet&quot;,&quot;mobile&quot;]}\" data-widget_type=\"image.default\">\n\t\t\t\t\t\t\t\t\t\t\t\t\t\t\t<img loading=\"lazy\" decoding=\"async\" width=\"800\" height=\"450\" src=\"https:\/\/www.camping-gca.com\/wp-content\/uploads\/2025\/03\/les-environs-soulac-1024x576.jpg\" class=\"attachment-large size-large wp-image-3939\" alt=\"Soulac sur mer en Gironda, ciudad con un rico patrimonio arquitect\u00f3nico\" srcset=\"https:\/\/www.camping-gca.com\/wp-content\/uploads\/2025\/03\/les-environs-soulac-1024x576.jpg 1024w, https:\/\/www.camping-gca.com\/wp-content\/uploads\/2025\/03\/les-environs-soulac-300x169.jpg 300w, https:\/\/www.camping-gca.com\/wp-content\/uploads\/2025\/03\/les-environs-soulac-768x432.jpg 768w, https:\/\/www.camping-gca.com\/wp-content\/uploads\/2025\/03\/les-environs-soulac.jpg 1500w\" sizes=\"(max-width: 800px) 100vw, 800px\" \/>\t\t\t\t\t\t\t\t\t\t\t\t\t\t\t<\/div>\n\t\t\t\t<\/div>\n\t\t<div class=\"elementor-element elementor-element-9ae331a e-con-full e-flex e-con e-child\" data-id=\"9ae331a\" data-element_type=\"container\" data-e-type=\"container\" data-settings=\"{&quot;background_background&quot;:&quot;classic&quot;}\">\n\t\t<div class=\"elementor-element elementor-element-9c878e2 e-con-full e-flex e-con e-child\" data-id=\"9c878e2\" data-element_type=\"container\" data-e-type=\"container\">\n\t\t\t\t<div class=\"elementor-element elementor-element-301a131 elementor-widget elementor-widget-heading\" data-id=\"301a131\" data-element_type=\"widget\" data-e-type=\"widget\" data-widget_type=\"heading.default\">\n\t\t\t\t\t<p class=\"elementor-heading-title elementor-size-default\">04<\/p>\t\t\t\t<\/div>\n\t\t\t\t<div class=\"elementor-element elementor-element-fa98876 elementor-invisible elementor-widget elementor-widget-heading\" data-id=\"fa98876\" data-element_type=\"widget\" data-e-type=\"widget\" data-settings=\"{&quot;_animation&quot;:&quot;fadeIn&quot;,&quot;_animation_delay&quot;:900}\" data-widget_type=\"heading.default\">\n\t\t\t\t\t<h3 class=\"elementor-heading-title elementor-size-default\">Los pueblos y mercados locales<\/h3>\t\t\t\t<\/div>\n\t\t\t\t<\/div>\n\t\t\t\t<div class=\"elementor-element elementor-element-14d880b elementor-widget elementor-widget-text-editor\" data-id=\"14d880b\" data-element_type=\"widget\" data-e-type=\"widget\" data-widget_type=\"text-editor.default\">\n\t\t\t\t\t\t\t\t\t<p>Pasea en bicicleta por el encantador pueblo de <b>Hourtin<\/b>, descubre su t\u00edpico mercado y prueba las especialidades locales. Para los m\u00e1s aventureros, los carriles bici te llevar\u00e1n hasta <b>Montalivet<\/b>, conocido por su gran mercado y su ambiente veraniego, o incluso hasta <b>Soulac-sur-Mer<\/b>, ciudad con un rico patrimonio arquitect\u00f3nico. <\/p>\t\t\t\t\t\t\t\t<\/div>\n\t\t\t\t<\/div>\n\t\t\t\t<\/div>\n\t\t\t\t<\/div>\n\t\t\t\t<div class=\"elementor-element elementor-element-491d092 elementor-widget elementor-widget-global elementor-global-150 elementor-widget-spacer\" data-id=\"491d092\" data-element_type=\"widget\" data-e-type=\"widget\" data-widget_type=\"spacer.default\">\n\t\t\t\t\t\t\t<div class=\"elementor-spacer\">\n\t\t\t<div class=\"elementor-spacer-inner\"><\/div>\n\t\t<\/div>\n\t\t\t\t\t\t<\/div>\n\t\t\t\t\t<\/div>\n\t\t\t\t<\/div>\n\t\t<section class=\"elementor-element elementor-element-bb4878b e-flex e-con-boxed e-con e-parent\" data-id=\"bb4878b\" data-element_type=\"container\" data-e-type=\"container\" data-settings=\"{&quot;background_background&quot;:&quot;classic&quot;}\">\n\t\t\t\t\t<div class=\"e-con-inner\">\n\t\t<div class=\"elementor-element elementor-element-704c2da e-flex e-con-boxed e-con e-child\" data-id=\"704c2da\" data-element_type=\"container\" data-e-type=\"container\" data-settings=\"{&quot;background_background&quot;:&quot;classic&quot;}\">\n\t\t\t\t\t<div class=\"e-con-inner\">\n\t\t<div class=\"elementor-element elementor-element-1bd18e1 e-con-full e-flex e-con e-child\" data-id=\"1bd18e1\" data-element_type=\"container\" data-e-type=\"container\" data-settings=\"{&quot;background_background&quot;:&quot;classic&quot;}\">\n\t\t\t\t<div class=\"elementor-element elementor-element-1ee7142 elementor-view-default elementor-widget elementor-widget-icon\" data-id=\"1ee7142\" data-element_type=\"widget\" data-e-type=\"widget\" data-widget_type=\"icon.default\">\n\t\t\t\t\t\t\t<div class=\"elementor-icon-wrapper\">\n\t\t\t<div class=\"elementor-icon\">\n\t\t\t<svg xmlns=\"http:\/\/www.w3.org\/2000\/svg\" width=\"29.281\" height=\"28.984\" viewBox=\"0 0 29.281 28.984\"><g id=\"arrow-bottom\" transform=\"translate(0)\"><path id=\"Trac&#xE9;_254\" data-name=\"Trac&#xE9; 254\" d=\"M28.944,13.322a1.12,1.12,0,0,0-1.581.019L15.65,25.331V1.08a1.119,1.119,0,0,0-2.236,0V25.109L1.917,13.34A1.118,1.118,0,0,0,.317,14.9L13.551,28.449a1.183,1.183,0,0,0,1.613.364,1.1,1.1,0,0,0,.477-.273L28.963,14.9a1.119,1.119,0,0,0-.019-1.581\" fill=\"#004b5b\"><\/path><\/g><\/svg>\t\t\t<\/div>\n\t\t<\/div>\n\t\t\t\t\t\t<\/div>\n\t\t\t\t<\/div>\n\t\t\t\t<div class=\"elementor-element elementor-element-f86092c elementor-absolute elementor-widget elementor-widget-image\" data-id=\"f86092c\" data-element_type=\"widget\" data-e-type=\"widget\" data-settings=\"{&quot;_position&quot;:&quot;absolute&quot;}\" data-widget_type=\"image.default\">\n\t\t\t\t\t\t\t\t\t\t\t\t\t\t\t<img fetchpriority=\"high\" decoding=\"async\" width=\"242\" height=\"264\" src=\"https:\/\/www.camping-gca.com\/wp-content\/uploads\/2025\/03\/feuille1.png\" class=\"attachment-large size-large wp-image-3382\" alt=\"\" \/>\t\t\t\t\t\t\t\t\t\t\t\t\t\t\t<\/div>\n\t\t<div class=\"elementor-element elementor-element-c69c7de e-con-full e-flex e-con e-child\" data-id=\"c69c7de\" data-element_type=\"container\" data-e-type=\"container\">\n\t\t<div class=\"elementor-element elementor-element-d88b4bf e-con-full e-flex e-con e-child\" data-id=\"d88b4bf\" data-element_type=\"container\" data-e-type=\"container\">\n\t\t<div class=\"elementor-element elementor-element-3c7d9a4 e-con-full e-flex e-con e-child\" data-id=\"3c7d9a4\" data-element_type=\"container\" data-e-type=\"container\">\n\t\t<div class=\"elementor-element elementor-element-727546d e-con-full detail-card e-flex e-con e-child\" data-id=\"727546d\" data-element_type=\"container\" data-e-type=\"container\" data-settings=\"{&quot;background_background&quot;:&quot;classic&quot;}\">\n\t\t<div class=\"elementor-element elementor-element-503d4de e-con-full e-flex e-con e-child\" data-id=\"503d4de\" data-element_type=\"container\" data-e-type=\"container\">\n\t\t\t\t<div class=\"elementor-element elementor-element-f5f84ff detail-card-titre elementor-widget elementor-widget-heading\" data-id=\"f5f84ff\" data-element_type=\"widget\" data-e-type=\"widget\" data-widget_type=\"heading.default\">\n\t\t\t\t\t<h3 class=\"elementor-heading-title elementor-size-default\">Una escala ideal para ciclistas<\/h3>\t\t\t\t<\/div>\n\t\t\t\t<div class=\"elementor-element elementor-element-c258147 detail-card-p elementor-widget elementor-widget-text-editor\" data-id=\"c258147\" data-element_type=\"widget\" data-e-type=\"widget\" data-widget_type=\"text-editor.default\">\n\t\t\t\t\t\t\t\t\t<p>Durante tu estancia en nuestro <b>camping cerca de Hourtin<\/b>, disfrutar\u00e1s de un entorno natural preservado, una c\u00e1lida acogida y servicios pensados para los ciclistas. <\/p><p>Ya sea que est\u00e9s de paso en la <b>Velodisea<\/b> o en una estancia prolongada para explorar la regi\u00f3n, nuestro camping es la escala ideal para combinar comodidad y aventura.<\/p><p>Nos esforzamos por ofrecer un <b>alojamiento aut\u00e9ntico y acogedor<\/b>, donde cada ciclista encuentra su felicidad, entre naturaleza, relajaci\u00f3n y descubrimientos.<\/p>\t\t\t\t\t\t\t\t<\/div>\n\t\t\t\t<div class=\"elementor-element elementor-element-cd584a1 e-transform detail-card-btn elementor-widget elementor-widget-button\" data-id=\"cd584a1\" data-element_type=\"widget\" data-e-type=\"widget\" data-settings=\"{&quot;_transform_translateY_effect_hover&quot;:{&quot;unit&quot;:&quot;px&quot;,&quot;size&quot;:-3,&quot;sizes&quot;:[]},&quot;_transform_translateX_effect_hover&quot;:{&quot;unit&quot;:&quot;px&quot;,&quot;size&quot;:&quot;&quot;,&quot;sizes&quot;:[]},&quot;_transform_translateX_effect_hover_widescreen&quot;:{&quot;unit&quot;:&quot;px&quot;,&quot;size&quot;:&quot;&quot;,&quot;sizes&quot;:[]},&quot;_transform_translateX_effect_hover_laptop&quot;:{&quot;unit&quot;:&quot;px&quot;,&quot;size&quot;:&quot;&quot;,&quot;sizes&quot;:[]},&quot;_transform_translateX_effect_hover_tablet_extra&quot;:{&quot;unit&quot;:&quot;px&quot;,&quot;size&quot;:&quot;&quot;,&quot;sizes&quot;:[]},&quot;_transform_translateX_effect_hover_tablet&quot;:{&quot;unit&quot;:&quot;px&quot;,&quot;size&quot;:&quot;&quot;,&quot;sizes&quot;:[]},&quot;_transform_translateX_effect_hover_mobile&quot;:{&quot;unit&quot;:&quot;px&quot;,&quot;size&quot;:&quot;&quot;,&quot;sizes&quot;:[]},&quot;_transform_translateY_effect_hover_widescreen&quot;:{&quot;unit&quot;:&quot;px&quot;,&quot;size&quot;:&quot;&quot;,&quot;sizes&quot;:[]},&quot;_transform_translateY_effect_hover_laptop&quot;:{&quot;unit&quot;:&quot;px&quot;,&quot;size&quot;:&quot;&quot;,&quot;sizes&quot;:[]},&quot;_transform_translateY_effect_hover_tablet_extra&quot;:{&quot;unit&quot;:&quot;px&quot;,&quot;size&quot;:&quot;&quot;,&quot;sizes&quot;:[]},&quot;_transform_translateY_effect_hover_tablet&quot;:{&quot;unit&quot;:&quot;px&quot;,&quot;size&quot;:&quot;&quot;,&quot;sizes&quot;:[]},&quot;_transform_translateY_effect_hover_mobile&quot;:{&quot;unit&quot;:&quot;px&quot;,&quot;size&quot;:&quot;&quot;,&quot;sizes&quot;:[]}}\" data-widget_type=\"button.default\">\n\t\t\t\t\t\t\t\t\t\t<a class=\"elementor-button elementor-button-link elementor-size-sm\" href=\"https:\/\/www.camping-gca.com\/es\/acceso-contacto\/#formulaire\">\n\t\t\t\t\t\t<span class=\"elementor-button-content-wrapper\">\n\t\t\t\t\t\t\t\t\t<span class=\"elementor-button-text\">Reservar<\/span>\n\t\t\t\t\t<\/span>\n\t\t\t\t\t<\/a>\n\t\t\t\t\t\t\t\t<\/div>\n\t\t\t\t<\/div>\n\t\t<div class=\"elementor-element elementor-element-879dc6c e-con-full elementor-hidden-widescreen elementor-hidden-desktop elementor-hidden-laptop e-flex e-con e-child\" data-id=\"879dc6c\" data-element_type=\"container\" data-e-type=\"container\" data-settings=\"{&quot;position&quot;:&quot;absolute&quot;}\">\n\t\t\t\t<\/div>\n\t\t\t\t<\/div>\n\t\t<div class=\"elementor-element elementor-element-44af587 e-con-full detail-card e-flex e-con e-child\" data-id=\"44af587\" data-element_type=\"container\" data-e-type=\"container\" data-settings=\"{&quot;background_background&quot;:&quot;classic&quot;}\">\n\t\t<div class=\"elementor-element elementor-element-f1c2ab6 e-con-full e-flex e-con e-child\" data-id=\"f1c2ab6\" data-element_type=\"container\" data-e-type=\"container\">\n\t\t\t\t<div class=\"elementor-element elementor-element-ef2d47a elementor-view-default elementor-widget elementor-widget-icon\" data-id=\"ef2d47a\" data-element_type=\"widget\" data-e-type=\"widget\" data-widget_type=\"icon.default\">\n\t\t\t\t\t\t\t<div class=\"elementor-icon-wrapper\">\n\t\t\t<div class=\"elementor-icon\">\n\t\t\t<svg xmlns=\"http:\/\/www.w3.org\/2000\/svg\" xmlns:xlink=\"http:\/\/www.w3.org\/1999\/xlink\" width=\"46.331\" height=\"49.139\" viewBox=\"0 0 46.331 49.139\"><defs><style>.a{fill:url(#a);}.b{fill:#004b5b;}<\/style><linearGradient id=\"a\" x1=\"0.5\" x2=\"0.5\" y2=\"1\" gradientUnits=\"objectBoundingBox\"><stop offset=\"0\" stop-color=\"#f69f36\"><\/stop><stop offset=\"1\" stop-color=\"#feefe0\"><\/stop><\/linearGradient><\/defs><g transform=\"translate(-1410 -10192)\"><path class=\"a\" d=\"M6.5,0S6.418,33.7,0,45.729c9.226-2.607,25.271,1,40.915,3.41-1.4-11.633,2.006-29.082,5.415-45.528C33.093,5.616,6.5,0,6.5,0Z\" transform=\"translate(1410 10192)\"><\/path><path class=\"b\" d=\"M28.94,34.2A78.97,78.97,0,0,0,50.574,37.25q3.089.005,6.171-.233c.639-.049.645-1.052,0-1a78.472,78.472,0,0,1-21.589-1.323q-3-.611-5.95-1.459a.5.5,0,0,0-.267.967\" transform=\"translate(1390.969 10169.891)\"><\/path><path class=\"b\" d=\"M23.247,58.895A53.545,53.545,0,0,0,46.011,62.32a55.527,55.527,0,0,0,6.6-.826c.633-.118.365-1.085-.267-.967a53.764,53.764,0,0,1-22.783-.674,50.26,50.26,0,0,1-6.047-1.926c-.6-.234-.862.735-.267.967\" transform=\"translate(1394.748 10153.46)\"><\/path><path class=\"b\" d=\"M63.465,84.082a3.559,3.559,0,0,0-3.794-1.447,8.483,8.483,0,0,0-4.145,2.856A8.758,8.758,0,0,0,53,89.994,4.548,4.548,0,0,0,54.425,94.3a4.253,4.253,0,0,0,4.493.58c.583-.277.074-1.142-.506-.866a3.212,3.212,0,0,1-3.115-.308,3.425,3.425,0,0,1-1.344-3.3A7.1,7.1,0,0,1,55.9,86.565a10.367,10.367,0,0,1,3.187-2.684,2.744,2.744,0,0,1,3.511.706c.338.549,1.205.045.866-.506\" transform=\"translate(1374.761 10137.044)\"><\/path><path class=\"b\" d=\"M51.879,92.735c3.28.8,6.451,1.992,9.73,2.792.627.153.894-.814.266-.967-3.279-.8-6.451-1.992-9.73-2.792-.627-.153-.895.814-.267.967\" transform=\"translate(1375.701 10130.919)\"><\/path><path class=\"b\" d=\"M48.776,98.419c3.662,1.112,7.2,2.6,10.862,3.712a.5.5,0,0,0,.267-.967c-3.662-1.112-7.2-2.6-10.862-3.712a.5.5,0,0,0-.267.967\" transform=\"translate(1377.762 10127.14)\"><\/path><\/g><\/svg>\t\t\t<\/div>\n\t\t<\/div>\n\t\t\t\t\t\t<\/div>\n\t\t\t\t<div class=\"elementor-element elementor-element-ae24a6d elementor-widget elementor-widget-heading\" data-id=\"ae24a6d\" data-element_type=\"widget\" data-e-type=\"widget\" data-widget_type=\"heading.default\">\n\t\t\t\t\t<h3 class=\"elementor-heading-title elementor-size-default\">Nuestras tarifas<\/h3>\t\t\t\t<\/div>\n\t\t\t\t<div class=\"elementor-element elementor-element-0da6559 elementor-widget elementor-widget-text-editor\" data-id=\"0da6559\" data-element_type=\"widget\" data-e-type=\"widget\" data-widget_type=\"text-editor.default\">\n\t\t\t\t\t\t\t\t\t<p>Descubre nuestras tarifas para una estancia inolvidable en el coraz\u00f3n del M\u00e9doc<\/p>\t\t\t\t\t\t\t\t<\/div>\n\t\t<div class=\"elementor-element elementor-element-0cf04e5 e-con-full e-transform detail-card-btn e-flex e-con e-child\" data-id=\"0cf04e5\" data-element_type=\"container\" data-e-type=\"container\" data-settings=\"{&quot;background_background&quot;:&quot;gradient&quot;,&quot;_transform_translateY_effect_hover&quot;:{&quot;unit&quot;:&quot;px&quot;,&quot;size&quot;:-3,&quot;sizes&quot;:[]},&quot;_transform_translateX_effect_hover&quot;:{&quot;unit&quot;:&quot;px&quot;,&quot;size&quot;:&quot;&quot;,&quot;sizes&quot;:[]},&quot;_transform_translateX_effect_hover_widescreen&quot;:{&quot;unit&quot;:&quot;px&quot;,&quot;size&quot;:&quot;&quot;,&quot;sizes&quot;:[]},&quot;_transform_translateX_effect_hover_laptop&quot;:{&quot;unit&quot;:&quot;px&quot;,&quot;size&quot;:&quot;&quot;,&quot;sizes&quot;:[]},&quot;_transform_translateX_effect_hover_tablet_extra&quot;:{&quot;unit&quot;:&quot;px&quot;,&quot;size&quot;:&quot;&quot;,&quot;sizes&quot;:[]},&quot;_transform_translateX_effect_hover_tablet&quot;:{&quot;unit&quot;:&quot;px&quot;,&quot;size&quot;:&quot;&quot;,&quot;sizes&quot;:[]},&quot;_transform_translateX_effect_hover_mobile&quot;:{&quot;unit&quot;:&quot;px&quot;,&quot;size&quot;:&quot;&quot;,&quot;sizes&quot;:[]},&quot;_transform_translateY_effect_hover_widescreen&quot;:{&quot;unit&quot;:&quot;px&quot;,&quot;size&quot;:&quot;&quot;,&quot;sizes&quot;:[]},&quot;_transform_translateY_effect_hover_laptop&quot;:{&quot;unit&quot;:&quot;px&quot;,&quot;size&quot;:&quot;&quot;,&quot;sizes&quot;:[]},&quot;_transform_translateY_effect_hover_tablet_extra&quot;:{&quot;unit&quot;:&quot;px&quot;,&quot;size&quot;:&quot;&quot;,&quot;sizes&quot;:[]},&quot;_transform_translateY_effect_hover_tablet&quot;:{&quot;unit&quot;:&quot;px&quot;,&quot;size&quot;:&quot;&quot;,&quot;sizes&quot;:[]},&quot;_transform_translateY_effect_hover_mobile&quot;:{&quot;unit&quot;:&quot;px&quot;,&quot;size&quot;:&quot;&quot;,&quot;sizes&quot;:[]}}\">\n\t\t\t\t<div class=\"elementor-element elementor-element-4f22cd4 elementor-align-center elementor-widget elementor-widget-button\" data-id=\"4f22cd4\" data-element_type=\"widget\" data-e-type=\"widget\" data-widget_type=\"button.default\">\n\t\t\t\t\t\t\t\t\t\t<a class=\"elementor-button elementor-button-link elementor-size-sm\" href=\"https:\/\/www.camping-gca.com\/tarifs\/\">\n\t\t\t\t\t\t<span class=\"elementor-button-content-wrapper\">\n\t\t\t\t\t\t\t\t\t<span class=\"elementor-button-text\">Ver nuestras tarifas<\/span>\n\t\t\t\t\t<\/span>\n\t\t\t\t\t<\/a>\n\t\t\t\t\t\t\t\t<\/div>\n\t\t\t\t<\/div>\n\t\t\t\t<\/div>\n\t\t\t\t<\/div>\n\t\t\t\t<\/div>\n\t\t<div class=\"elementor-element elementor-element-3257fe8 e-con-full e-flex e-con e-child\" data-id=\"3257fe8\" data-element_type=\"container\" data-e-type=\"container\">\n\t\t<div class=\"elementor-element elementor-element-9a48075 e-con-full detail-card e-flex e-con e-child\" data-id=\"9a48075\" data-element_type=\"container\" data-e-type=\"container\" data-settings=\"{&quot;background_background&quot;:&quot;classic&quot;}\">\n\t\t<div class=\"elementor-element elementor-element-24230d0 e-con-full e-flex e-con e-child\" data-id=\"24230d0\" data-element_type=\"container\" data-e-type=\"container\">\n\t\t\t\t<div class=\"elementor-element elementor-element-b3e95fc elementor-view-default elementor-widget elementor-widget-icon\" data-id=\"b3e95fc\" data-element_type=\"widget\" data-e-type=\"widget\" data-widget_type=\"icon.default\">\n\t\t\t\t\t\t\t<div class=\"elementor-icon-wrapper\">\n\t\t\t<div class=\"elementor-icon\">\n\t\t\t<svg xmlns=\"http:\/\/www.w3.org\/2000\/svg\" xmlns:xlink=\"http:\/\/www.w3.org\/1999\/xlink\" id=\"couleurs\" viewBox=\"0 0 34.1 47.4\"><defs><style>.cls-1{stroke:#f69f36;stroke-miterlimit:4;stroke-width:8px;}.cls-1,.cls-2{fill:none;}.cls-3{fill:url(#D\u00e9grad\u00e9_sans_nom_4);}.cls-4{fill:#004b5b;}<\/style><linearGradient id=\"D&#xE9;grad&#xE9;_sans_nom_4\" x1=\"12.9\" y1=\"52.1\" x2=\"12.9\" y2=\"-4.54\" gradientUnits=\"userSpaceOnUse\"><stop offset=\"0\" stop-color=\"#fff\"><\/stop><stop offset=\"0\" stop-color=\"#fffcf8\"><\/stop><stop offset=\"1\" stop-color=\"#f69f36\"><\/stop><\/linearGradient><\/defs><rect class=\"cls-2\" x=\"-1804.89\" y=\"-704.89\" width=\"2027\" height=\"1236.19\"><\/rect><g id=\"Groupe_152\"><path id=\"Trac&#xE9;_265\" class=\"cls-1\" d=\"M275.35,263.66c-147.95,22.7-290.63,72.32-438.38,97.2-49.91,9.66-116.38,32.6-166.3,18.98-64.69-17.65-87.99-83.13-129.96-127.34-209.63-169.55-490.75,14.16-708.68,79.54-35.98,12.24-124.82,52.24-138.39-6.76-16.32-91.26-29.96-247.08-157.03-233.23-50.99,5.56-148.48,30.76-133.02,99.98,5.98,14.09,23.64,20.69,38.57,17.34,50.34-15.87,56.89-80.3,50.51-125.9-28.53-171.08-102.74-544.08-275.6-614.49\"><\/path><\/g><rect class=\"cls-3\" x=\"1.94\" y=\"1.68\" width=\"21.93\" height=\"43.75\" rx=\"1.35\" ry=\"1.35\"><\/rect><path class=\"cls-4\" d=\"M5.54,25.58c-.22,0-.4-.18-.4-.4V6.23c0-.22.18-.4.4-.4h10.85c.22,0,.4.18.4.4s-.18.4-.4.4H5.95v18.55c0,.22-.18.4-.4.4Z\"><\/path><path class=\"cls-4\" d=\"M20.6,40.07h-6.24c-.22,0-.4-.18-.4-.4s.18-.4.4-.4h5.84v-18.92c0-.22.18-.4.4-.4s.4.18.4.4v19.33c0,.22-.18.4-.4.4Z\"><\/path><path class=\"cls-4\" d=\"M10.82,39.51h-4.87v-5.74c0-.22-.18-.4-.4-.4s-.4.18-.4.4v6.14c0,.22.18.4.4.4h5.28c.22,0,.4-.18.4-.4s-.18-.4-.4-.4Z\"><\/path><path class=\"cls-4\" d=\"M27.4,15.79c-.09,0-.18-.03-.26-.09-.17-.14-.2-.4-.05-.57,1.68-2.04,2.43-4.08,2.17-5.92-.23-1.61-1.22-3.04-2.87-4.16-.18-.12-.23-.38-.11-.56.13-.18.38-.23.56-.11,1.84,1.24,2.95,2.87,3.21,4.71.3,2.07-.51,4.33-2.34,6.55-.08.1-.2.15-.31.15Z\"><\/path><path class=\"cls-4\" d=\"M25.5,13.81c-.09,0-.18-.03-.26-.09-.17-.14-.2-.4-.05-.57.93-1.13,1.35-2.26,1.21-3.26-.13-.87-.67-1.66-1.57-2.27-.18-.12-.23-.38-.11-.56s.38-.23.56-.11c1.1.74,1.76,1.72,1.92,2.82.18,1.24-.3,2.58-1.38,3.89-.08.1-.2.15-.31.15Z\"><\/path><path class=\"cls-4\" d=\"M29.31,18.08c-.09,0-.18-.03-.26-.09-.17-.14-.2-.4-.05-.57,2.42-2.93,3.45-5.83,3.05-8.6-.52-3.6-3.27-5.72-4.1-6.28-.18-.12-.23-.38-.11-.56.12-.18.38-.23.56-.11,2.4,1.63,4.07,4.18,4.45,6.83.43,3.01-.65,6.11-3.22,9.23-.08.1-.2.15-.31.15Z\"><\/path><path class=\"cls-4\" d=\"M12.9,42.57c-1.57,0-2.85,1.28-2.85,2.85h.81c0-1.13.92-2.04,2.04-2.04s2.04.92,2.04,2.04h.81c0-1.57-1.28-2.85-2.85-2.85Z\"><\/path><\/svg>\t\t\t<\/div>\n\t\t<\/div>\n\t\t\t\t\t\t<\/div>\n\t\t\t\t<div class=\"elementor-element elementor-element-08f9076 elementor-widget elementor-widget-heading\" data-id=\"08f9076\" data-element_type=\"widget\" data-e-type=\"widget\" data-widget_type=\"heading.default\">\n\t\t\t\t\t<h3 class=\"elementor-heading-title elementor-size-default\">Contacto y Acceso<\/h3>\t\t\t\t<\/div>\n\t\t\t\t<div class=\"elementor-element elementor-element-363eafd elementor-widget elementor-widget-text-editor\" data-id=\"363eafd\" data-element_type=\"widget\" data-e-type=\"widget\" data-widget_type=\"text-editor.default\">\n\t\t\t\t\t\t\t\t\t<p>Cont\u00e1ctanos f\u00e1cilmente y aprovecha nuestra ubicaci\u00f3n ideal para un acceso directo a las atracciones de la Gironda<\/p>\t\t\t\t\t\t\t\t<\/div>\n\t\t<div class=\"elementor-element elementor-element-7eb3f9d e-con-full e-transform detail-card-btn e-flex e-con e-child\" data-id=\"7eb3f9d\" data-element_type=\"container\" data-e-type=\"container\" data-settings=\"{&quot;background_background&quot;:&quot;gradient&quot;,&quot;_transform_translateY_effect_hover&quot;:{&quot;unit&quot;:&quot;px&quot;,&quot;size&quot;:-3,&quot;sizes&quot;:[]},&quot;_transform_translateX_effect_hover&quot;:{&quot;unit&quot;:&quot;px&quot;,&quot;size&quot;:&quot;&quot;,&quot;sizes&quot;:[]},&quot;_transform_translateX_effect_hover_widescreen&quot;:{&quot;unit&quot;:&quot;px&quot;,&quot;size&quot;:&quot;&quot;,&quot;sizes&quot;:[]},&quot;_transform_translateX_effect_hover_laptop&quot;:{&quot;unit&quot;:&quot;px&quot;,&quot;size&quot;:&quot;&quot;,&quot;sizes&quot;:[]},&quot;_transform_translateX_effect_hover_tablet_extra&quot;:{&quot;unit&quot;:&quot;px&quot;,&quot;size&quot;:&quot;&quot;,&quot;sizes&quot;:[]},&quot;_transform_translateX_effect_hover_tablet&quot;:{&quot;unit&quot;:&quot;px&quot;,&quot;size&quot;:&quot;&quot;,&quot;sizes&quot;:[]},&quot;_transform_translateX_effect_hover_mobile&quot;:{&quot;unit&quot;:&quot;px&quot;,&quot;size&quot;:&quot;&quot;,&quot;sizes&quot;:[]},&quot;_transform_translateY_effect_hover_widescreen&quot;:{&quot;unit&quot;:&quot;px&quot;,&quot;size&quot;:&quot;&quot;,&quot;sizes&quot;:[]},&quot;_transform_translateY_effect_hover_laptop&quot;:{&quot;unit&quot;:&quot;px&quot;,&quot;size&quot;:&quot;&quot;,&quot;sizes&quot;:[]},&quot;_transform_translateY_effect_hover_tablet_extra&quot;:{&quot;unit&quot;:&quot;px&quot;,&quot;size&quot;:&quot;&quot;,&quot;sizes&quot;:[]},&quot;_transform_translateY_effect_hover_tablet&quot;:{&quot;unit&quot;:&quot;px&quot;,&quot;size&quot;:&quot;&quot;,&quot;sizes&quot;:[]},&quot;_transform_translateY_effect_hover_mobile&quot;:{&quot;unit&quot;:&quot;px&quot;,&quot;size&quot;:&quot;&quot;,&quot;sizes&quot;:[]}}\">\n\t\t\t\t<div class=\"elementor-element elementor-element-56b3e12 elementor-align-center elementor-widget elementor-widget-button\" data-id=\"56b3e12\" data-element_type=\"widget\" data-e-type=\"widget\" data-widget_type=\"button.default\">\n\t\t\t\t\t\t\t\t\t\t<a class=\"elementor-button elementor-button-link elementor-size-sm\" href=\"https:\/\/www.camping-gca.com\/es\/acceso-contacto\/\">\n\t\t\t\t\t\t<span class=\"elementor-button-content-wrapper\">\n\t\t\t\t\t\t\t\t\t<span class=\"elementor-button-text\">Contactar<\/span>\n\t\t\t\t\t<\/span>\n\t\t\t\t\t<\/a>\n\t\t\t\t\t\t\t\t<\/div>\n\t\t\t\t<\/div>\n\t\t\t\t<\/div>\n\t\t\t\t<\/div>\n\t\t<div class=\"elementor-element elementor-element-9137f15 e-con-full detail-card e-flex e-con e-child\" data-id=\"9137f15\" data-element_type=\"container\" data-e-type=\"container\" data-settings=\"{&quot;background_background&quot;:&quot;classic&quot;}\">\n\t\t<div class=\"elementor-element elementor-element-b3ecb06 e-con-full e-flex e-con e-child\" data-id=\"b3ecb06\" data-element_type=\"container\" data-e-type=\"container\">\n\t\t\t\t<div class=\"elementor-element elementor-element-cf5af22 detail-card-titre elementor-widget elementor-widget-heading\" data-id=\"cf5af22\" data-element_type=\"widget\" data-e-type=\"widget\" data-widget_type=\"heading.default\">\n\t\t\t\t\t<h3 class=\"elementor-heading-title elementor-size-default\">Descubre el M\u00e9doc: <\/br>vi\u00f1edos, senderismo y playas<\/h3>\t\t\t\t<\/div>\n\t\t\t\t<div class=\"elementor-element elementor-element-c5a08e6 detail-card-p elementor-widget elementor-widget-text-editor\" data-id=\"c5a08e6\" data-element_type=\"widget\" data-e-type=\"widget\" data-widget_type=\"text-editor.default\">\n\t\t\t\t\t\t\t\t\t<p>Entre vi\u00f1edos, playas y actividades acu\u00e1ticas, vive una experiencia \u00fanica en el M\u00e9doc: degustaciones, senderismo y cruceros para explorar los alrededores.<\/p>\t\t\t\t\t\t\t\t<\/div>\n\t\t\t\t<div class=\"elementor-element elementor-element-8a38bee e-transform detail-card-btn elementor-widget elementor-widget-button\" data-id=\"8a38bee\" data-element_type=\"widget\" data-e-type=\"widget\" data-settings=\"{&quot;_transform_translateY_effect_hover&quot;:{&quot;unit&quot;:&quot;px&quot;,&quot;size&quot;:-3,&quot;sizes&quot;:[]},&quot;_transform_translateX_effect_hover&quot;:{&quot;unit&quot;:&quot;px&quot;,&quot;size&quot;:&quot;&quot;,&quot;sizes&quot;:[]},&quot;_transform_translateX_effect_hover_widescreen&quot;:{&quot;unit&quot;:&quot;px&quot;,&quot;size&quot;:&quot;&quot;,&quot;sizes&quot;:[]},&quot;_transform_translateX_effect_hover_laptop&quot;:{&quot;unit&quot;:&quot;px&quot;,&quot;size&quot;:&quot;&quot;,&quot;sizes&quot;:[]},&quot;_transform_translateX_effect_hover_tablet_extra&quot;:{&quot;unit&quot;:&quot;px&quot;,&quot;size&quot;:&quot;&quot;,&quot;sizes&quot;:[]},&quot;_transform_translateX_effect_hover_tablet&quot;:{&quot;unit&quot;:&quot;px&quot;,&quot;size&quot;:&quot;&quot;,&quot;sizes&quot;:[]},&quot;_transform_translateX_effect_hover_mobile&quot;:{&quot;unit&quot;:&quot;px&quot;,&quot;size&quot;:&quot;&quot;,&quot;sizes&quot;:[]},&quot;_transform_translateY_effect_hover_widescreen&quot;:{&quot;unit&quot;:&quot;px&quot;,&quot;size&quot;:&quot;&quot;,&quot;sizes&quot;:[]},&quot;_transform_translateY_effect_hover_laptop&quot;:{&quot;unit&quot;:&quot;px&quot;,&quot;size&quot;:&quot;&quot;,&quot;sizes&quot;:[]},&quot;_transform_translateY_effect_hover_tablet_extra&quot;:{&quot;unit&quot;:&quot;px&quot;,&quot;size&quot;:&quot;&quot;,&quot;sizes&quot;:[]},&quot;_transform_translateY_effect_hover_tablet&quot;:{&quot;unit&quot;:&quot;px&quot;,&quot;size&quot;:&quot;&quot;,&quot;sizes&quot;:[]},&quot;_transform_translateY_effect_hover_mobile&quot;:{&quot;unit&quot;:&quot;px&quot;,&quot;size&quot;:&quot;&quot;,&quot;sizes&quot;:[]}}\" data-widget_type=\"button.default\">\n\t\t\t\t\t\t\t\t\t\t<a class=\"elementor-button elementor-button-link elementor-size-sm\" href=\"https:\/\/www.camping-gca.com\/es\/alrededores\/\">\n\t\t\t\t\t\t<span class=\"elementor-button-content-wrapper\">\n\t\t\t\t\t\t\t\t\t<span class=\"elementor-button-text\">Saber m\u00e1s<\/span>\n\t\t\t\t\t<\/span>\n\t\t\t\t\t<\/a>\n\t\t\t\t\t\t\t\t<\/div>\n\t\t\t\t<\/div>\n\t\t<div class=\"elementor-element elementor-element-214e9b1 e-con-full elementor-hidden-widescreen elementor-hidden-desktop elementor-hidden-laptop e-flex e-con e-child\" data-id=\"214e9b1\" data-element_type=\"container\" data-e-type=\"container\" data-settings=\"{&quot;position&quot;:&quot;absolute&quot;}\">\n\t\t\t\t<\/div>\n\t\t\t\t<\/div>\n\t\t\t\t<\/div>\n\t\t\t\t<\/div>\n\t\t\t\t<\/div>\n\t\t\t\t\t<\/div>\n\t\t\t\t<\/div>\n\t\t\t\t\t<\/div>\n\t\t\t\t<\/section>\n\t\t\t\t<\/div>\n\t\t","protected":false},"excerpt":{"rendered":"<p>\u00c1REA NATURAL LES GRANDS CH\u00caNES ET LES AJONCS Camping con bienvenida ciclista cerca de Hourtin: una etapa ideal para ciclistas Una ubicaci\u00f3n privilegiada en la Velodisea Situado en el coraz\u00f3n de Gironda, nuestro camping con \u00abBienvenida ciclista\u00bb cerca de Hourtin es una parada imprescindible para los apasionados de la bicicleta. En las inmediaciones de la [&hellip;]<\/p>\n","protected":false},"author":1,"featured_media":0,"parent":0,"menu_order":0,"comment_status":"closed","ping_status":"closed","template":"","meta":{"_acf_changed":false,"footnotes":""},"class_list":["post-4014","page","type-page","status-publish","hentry"],"acf":[],"yoast_head":"<!-- This site is optimized with the Yoast SEO plugin v26.8 - https:\/\/yoast.com\/product\/yoast-seo-wordpress\/ -->\n<title>Camping con bienvenida ciclista cerca de Hourtin \u2013 La etapa ideal en la Velodisea<\/title>\n<meta name=\"description\" content=\"Cicloturistas, \u00a1haced una parada en nuestro camping cerca de Hourtin! Parcelas espaciosas, seguridad para bicicletas, desayuno y un entorno ideal para vuestras aventuras\" \/>\n<meta name=\"robots\" content=\"index, follow, max-snippet:-1, max-image-preview:large, max-video-preview:-1\" \/>\n<link rel=\"canonical\" href=\"https:\/\/www.camping-gca.com\/es\/bienvenida-ciclista\/\" \/>\n<meta property=\"og:locale\" content=\"es_ES\" \/>\n<meta property=\"og:type\" content=\"article\" \/>\n<meta property=\"og:title\" content=\"Camping con bienvenida ciclista cerca de Hourtin \u2013 La etapa ideal en la Velodisea\" \/>\n<meta property=\"og:description\" content=\"Cicloturistas, \u00a1haced una parada en nuestro camping cerca de Hourtin! Parcelas espaciosas, seguridad para bicicletas, desayuno y un entorno ideal para vuestras aventuras\" \/>\n<meta property=\"og:url\" content=\"https:\/\/www.camping-gca.com\/es\/bienvenida-ciclista\/\" \/>\n<meta property=\"og:site_name\" content=\"Camping GCA\" \/>\n<meta property=\"article:modified_time\" content=\"2025-09-01T12:25:41+00:00\" \/>\n<meta property=\"og:image\" content=\"https:\/\/www.camping-gca.com\/wp-content\/uploads\/2025\/03\/feuille1.png\" \/>\n\t<meta property=\"og:image:width\" content=\"242\" \/>\n\t<meta property=\"og:image:height\" content=\"264\" \/>\n\t<meta property=\"og:image:type\" content=\"image\/png\" \/>\n<meta name=\"twitter:card\" content=\"summary_large_image\" \/>\n<meta name=\"twitter:label1\" content=\"Tiempo de lectura\" \/>\n\t<meta name=\"twitter:data1\" content=\"5 minutos\" \/>\n<script type=\"application\/ld+json\" class=\"yoast-schema-graph\">{\"@context\":\"https:\/\/schema.org\",\"@graph\":[{\"@type\":\"WebPage\",\"@id\":\"https:\/\/www.camping-gca.com\/es\/bienvenida-ciclista\/\",\"url\":\"https:\/\/www.camping-gca.com\/es\/bienvenida-ciclista\/\",\"name\":\"Camping con bienvenida ciclista cerca de Hourtin \u2013 La etapa ideal en la Velodisea\",\"isPartOf\":{\"@id\":\"https:\/\/www.camping-gca.com\/#website\"},\"primaryImageOfPage\":{\"@id\":\"https:\/\/www.camping-gca.com\/es\/bienvenida-ciclista\/#primaryimage\"},\"image\":{\"@id\":\"https:\/\/www.camping-gca.com\/es\/bienvenida-ciclista\/#primaryimage\"},\"thumbnailUrl\":\"https:\/\/www.camping-gca.com\/wp-content\/uploads\/2025\/03\/feuille1.png\",\"datePublished\":\"2025-03-25T17:05:35+00:00\",\"dateModified\":\"2025-09-01T12:25:41+00:00\",\"description\":\"Cicloturistas, \u00a1haced una parada en nuestro camping cerca de Hourtin! Parcelas espaciosas, seguridad para bicicletas, desayuno y un entorno ideal para vuestras aventuras\",\"breadcrumb\":{\"@id\":\"https:\/\/www.camping-gca.com\/es\/bienvenida-ciclista\/#breadcrumb\"},\"inLanguage\":\"es\",\"potentialAction\":[{\"@type\":\"ReadAction\",\"target\":[\"https:\/\/www.camping-gca.com\/es\/bienvenida-ciclista\/\"]}]},{\"@type\":\"ImageObject\",\"inLanguage\":\"es\",\"@id\":\"https:\/\/www.camping-gca.com\/es\/bienvenida-ciclista\/#primaryimage\",\"url\":\"https:\/\/www.camping-gca.com\/wp-content\/uploads\/2025\/03\/feuille1.png\",\"contentUrl\":\"https:\/\/www.camping-gca.com\/wp-content\/uploads\/2025\/03\/feuille1.png\"},{\"@type\":\"BreadcrumbList\",\"@id\":\"https:\/\/www.camping-gca.com\/es\/bienvenida-ciclista\/#breadcrumb\",\"itemListElement\":[{\"@type\":\"ListItem\",\"position\":1,\"name\":\"Accueil\",\"item\":\"https:\/\/www.camping-gca.com\/es\/inicio\/\"},{\"@type\":\"ListItem\",\"position\":2,\"name\":\"Bienvenida ciclista\"}]},{\"@type\":\"WebSite\",\"@id\":\"https:\/\/www.camping-gca.com\/#website\",\"url\":\"https:\/\/www.camping-gca.com\/\",\"name\":\"Camping GCA\",\"description\":\"\",\"publisher\":{\"@id\":\"https:\/\/www.camping-gca.com\/#organization\"},\"alternateName\":\"Camping GCA\",\"potentialAction\":[{\"@type\":\"SearchAction\",\"target\":{\"@type\":\"EntryPoint\",\"urlTemplate\":\"https:\/\/www.camping-gca.com\/?s={search_term_string}\"},\"query-input\":{\"@type\":\"PropertyValueSpecification\",\"valueRequired\":true,\"valueName\":\"search_term_string\"}}],\"inLanguage\":\"es\"},{\"@type\":\"Organization\",\"@id\":\"https:\/\/www.camping-gca.com\/#organization\",\"name\":\"Camping GCA\",\"alternateName\":\"Camping GCA\",\"url\":\"https:\/\/www.camping-gca.com\/\",\"logo\":{\"@type\":\"ImageObject\",\"inLanguage\":\"es\",\"@id\":\"https:\/\/www.camping-gca.com\/#\/schema\/logo\/image\/\",\"url\":\"\",\"contentUrl\":\"\",\"caption\":\"Camping GCA\"},\"image\":{\"@id\":\"https:\/\/www.camping-gca.com\/#\/schema\/logo\/image\/\"}}]}<\/script>\n<!-- \/ Yoast SEO plugin. -->","yoast_head_json":{"title":"Camping con bienvenida ciclista cerca de Hourtin \u2013 La etapa ideal en la Velodisea","description":"Cicloturistas, \u00a1haced una parada en nuestro camping cerca de Hourtin! Parcelas espaciosas, seguridad para bicicletas, desayuno y un entorno ideal para vuestras aventuras","robots":{"index":"index","follow":"follow","max-snippet":"max-snippet:-1","max-image-preview":"max-image-preview:large","max-video-preview":"max-video-preview:-1"},"canonical":"https:\/\/www.camping-gca.com\/es\/bienvenida-ciclista\/","og_locale":"es_ES","og_type":"article","og_title":"Camping con bienvenida ciclista cerca de Hourtin \u2013 La etapa ideal en la Velodisea","og_description":"Cicloturistas, \u00a1haced una parada en nuestro camping cerca de Hourtin! Parcelas espaciosas, seguridad para bicicletas, desayuno y un entorno ideal para vuestras aventuras","og_url":"https:\/\/www.camping-gca.com\/es\/bienvenida-ciclista\/","og_site_name":"Camping GCA","article_modified_time":"2025-09-01T12:25:41+00:00","og_image":[{"width":242,"height":264,"url":"https:\/\/www.camping-gca.com\/wp-content\/uploads\/2025\/03\/feuille1.png","type":"image\/png"}],"twitter_card":"summary_large_image","twitter_misc":{"Tiempo de lectura":"5 minutos"},"schema":{"@context":"https:\/\/schema.org","@graph":[{"@type":"WebPage","@id":"https:\/\/www.camping-gca.com\/es\/bienvenida-ciclista\/","url":"https:\/\/www.camping-gca.com\/es\/bienvenida-ciclista\/","name":"Camping con bienvenida ciclista cerca de Hourtin \u2013 La etapa ideal en la Velodisea","isPartOf":{"@id":"https:\/\/www.camping-gca.com\/#website"},"primaryImageOfPage":{"@id":"https:\/\/www.camping-gca.com\/es\/bienvenida-ciclista\/#primaryimage"},"image":{"@id":"https:\/\/www.camping-gca.com\/es\/bienvenida-ciclista\/#primaryimage"},"thumbnailUrl":"https:\/\/www.camping-gca.com\/wp-content\/uploads\/2025\/03\/feuille1.png","datePublished":"2025-03-25T17:05:35+00:00","dateModified":"2025-09-01T12:25:41+00:00","description":"Cicloturistas, \u00a1haced una parada en nuestro camping cerca de Hourtin! Parcelas espaciosas, seguridad para bicicletas, desayuno y un entorno ideal para vuestras aventuras","breadcrumb":{"@id":"https:\/\/www.camping-gca.com\/es\/bienvenida-ciclista\/#breadcrumb"},"inLanguage":"es","potentialAction":[{"@type":"ReadAction","target":["https:\/\/www.camping-gca.com\/es\/bienvenida-ciclista\/"]}]},{"@type":"ImageObject","inLanguage":"es","@id":"https:\/\/www.camping-gca.com\/es\/bienvenida-ciclista\/#primaryimage","url":"https:\/\/www.camping-gca.com\/wp-content\/uploads\/2025\/03\/feuille1.png","contentUrl":"https:\/\/www.camping-gca.com\/wp-content\/uploads\/2025\/03\/feuille1.png"},{"@type":"BreadcrumbList","@id":"https:\/\/www.camping-gca.com\/es\/bienvenida-ciclista\/#breadcrumb","itemListElement":[{"@type":"ListItem","position":1,"name":"Accueil","item":"https:\/\/www.camping-gca.com\/es\/inicio\/"},{"@type":"ListItem","position":2,"name":"Bienvenida ciclista"}]},{"@type":"WebSite","@id":"https:\/\/www.camping-gca.com\/#website","url":"https:\/\/www.camping-gca.com\/","name":"Camping GCA","description":"","publisher":{"@id":"https:\/\/www.camping-gca.com\/#organization"},"alternateName":"Camping GCA","potentialAction":[{"@type":"SearchAction","target":{"@type":"EntryPoint","urlTemplate":"https:\/\/www.camping-gca.com\/?s={search_term_string}"},"query-input":{"@type":"PropertyValueSpecification","valueRequired":true,"valueName":"search_term_string"}}],"inLanguage":"es"},{"@type":"Organization","@id":"https:\/\/www.camping-gca.com\/#organization","name":"Camping GCA","alternateName":"Camping GCA","url":"https:\/\/www.camping-gca.com\/","logo":{"@type":"ImageObject","inLanguage":"es","@id":"https:\/\/www.camping-gca.com\/#\/schema\/logo\/image\/","url":"","contentUrl":"","caption":"Camping GCA"},"image":{"@id":"https:\/\/www.camping-gca.com\/#\/schema\/logo\/image\/"}}]}},"_links":{"self":[{"href":"https:\/\/www.camping-gca.com\/es\/wp-json\/wp\/v2\/pages\/4014","targetHints":{"allow":["GET"]}}],"collection":[{"href":"https:\/\/www.camping-gca.com\/es\/wp-json\/wp\/v2\/pages"}],"about":[{"href":"https:\/\/www.camping-gca.com\/es\/wp-json\/wp\/v2\/types\/page"}],"author":[{"embeddable":true,"href":"https:\/\/www.camping-gca.com\/es\/wp-json\/wp\/v2\/users\/1"}],"replies":[{"embeddable":true,"href":"https:\/\/www.camping-gca.com\/es\/wp-json\/wp\/v2\/comments?post=4014"}],"version-history":[{"count":1,"href":"https:\/\/www.camping-gca.com\/es\/wp-json\/wp\/v2\/pages\/4014\/revisions"}],"predecessor-version":[{"id":4015,"href":"https:\/\/www.camping-gca.com\/es\/wp-json\/wp\/v2\/pages\/4014\/revisions\/4015"}],"wp:attachment":[{"href":"https:\/\/www.camping-gca.com\/es\/wp-json\/wp\/v2\/media?parent=4014"}],"curies":[{"name":"wp","href":"https:\/\/api.w.org\/{rel}","templated":true}]}}