{"id":3695,"date":"2025-04-01T09:56:25","date_gmt":"2025-04-01T09:56:25","guid":{"rendered":"https:\/\/www.camping-gca.com\/datos-personales\/"},"modified":"2025-09-01T12:22:35","modified_gmt":"2025-09-01T12:22:35","slug":"datos-personales","status":"publish","type":"page","link":"https:\/\/www.camping-gca.com\/es\/datos-personales\/","title":{"rendered":"Datos personales"},"content":{"rendered":"\t\t<div data-elementor-type=\"wp-page\" data-elementor-id=\"3695\" class=\"elementor elementor-3695 elementor-1863\" data-elementor-post-type=\"page\">\n\t\t\t\t<section class=\"elementor-element elementor-element-c0ba4d2 e-flex e-con-boxed e-con e-parent\" data-id=\"c0ba4d2\" data-element_type=\"container\" data-e-type=\"container\" data-settings=\"{&quot;background_background&quot;:&quot;classic&quot;}\">\n\t\t\t\t\t<div class=\"e-con-inner\">\n\t\t<div class=\"elementor-element elementor-element-31badfd e-flex e-con-boxed e-con e-child\" data-id=\"31badfd\" data-element_type=\"container\" data-e-type=\"container\" data-settings=\"{&quot;background_background&quot;:&quot;classic&quot;}\">\n\t\t\t\t\t<div class=\"e-con-inner\">\n\t\t<div class=\"elementor-element elementor-element-966acdf e-con-full e-flex e-con e-child\" data-id=\"966acdf\" data-element_type=\"container\" data-e-type=\"container\">\n\t\t<div class=\"elementor-element elementor-element-9271318 e-con-full e-flex e-con e-child\" data-id=\"9271318\" data-element_type=\"container\" data-e-type=\"container\">\n\t\t\t\t<div class=\"elementor-element elementor-element-3470cb9 animated-slow elementor-invisible elementor-widget elementor-widget-heading\" data-id=\"3470cb9\" data-element_type=\"widget\" data-e-type=\"widget\" data-settings=\"{&quot;_animation&quot;:&quot;fadeIn&quot;}\" data-widget_type=\"heading.default\">\n\t\t\t\t\t<span class=\"elementor-heading-title elementor-size-default\">\u00c1REA NATURAL LES GRANDS CHENES ET LES AJONCS<\/span>\t\t\t\t<\/div>\n\t\t\t\t<div class=\"elementor-element elementor-element-e9b7deb animated-slow elementor-invisible elementor-widget elementor-widget-heading\" data-id=\"e9b7deb\" data-element_type=\"widget\" data-e-type=\"widget\" data-settings=\"{&quot;_animation&quot;:&quot;fadeIn&quot;}\" data-widget_type=\"heading.default\">\n\t\t\t\t\t<h1 class=\"elementor-heading-title elementor-size-default\">Protecci\u00f3n de tus datos personales \n<\/h1>\t\t\t\t<\/div>\n\t\t\t\t<\/div>\n\t\t\t\t<\/div>\n\t\t\t\t<div class=\"elementor-element elementor-element-a3394ff elementor-absolute elementor-widget elementor-widget-image\" data-id=\"a3394ff\" data-element_type=\"widget\" data-e-type=\"widget\" data-settings=\"{&quot;_position&quot;:&quot;absolute&quot;}\" data-widget_type=\"image.default\">\n\t\t\t\t\t\t\t\t\t\t\t\t\t\t\t<img fetchpriority=\"high\" decoding=\"async\" width=\"253\" height=\"287\" src=\"https:\/\/www.camping-gca.com\/wp-content\/uploads\/2025\/03\/feuilles.png\" class=\"attachment-large size-large wp-image-3381\" alt=\"\" \/>\t\t\t\t\t\t\t\t\t\t\t\t\t\t\t<\/div>\n\t\t\t\t<div class=\"elementor-element elementor-element-9e9521f elementor-absolute elementor-widget elementor-widget-image\" data-id=\"9e9521f\" data-element_type=\"widget\" data-e-type=\"widget\" data-settings=\"{&quot;_position&quot;:&quot;absolute&quot;}\" data-widget_type=\"image.default\">\n\t\t\t\t\t\t\t\t\t\t\t\t\t\t\t<img decoding=\"async\" width=\"242\" height=\"264\" src=\"https:\/\/www.camping-gca.com\/wp-content\/uploads\/2025\/03\/feuille1.png\" class=\"attachment-large size-large wp-image-3382\" alt=\"\" \/>\t\t\t\t\t\t\t\t\t\t\t\t\t\t\t<\/div>\n\t\t\t\t\t<\/div>\n\t\t\t\t<\/div>\n\t\t\t\t\t<\/div>\n\t\t\t\t<\/section>\n\t\t<div class=\"elementor-element elementor-element-7a659d2 e-flex e-con-boxed e-con e-parent\" data-id=\"7a659d2\" data-element_type=\"container\" data-e-type=\"container\">\n\t\t\t\t\t<div class=\"e-con-inner\">\n\t\t\t\t<div class=\"elementor-element elementor-element-4690d62 elementor-widget elementor-widget-global elementor-global-150 elementor-widget-spacer\" data-id=\"4690d62\" data-element_type=\"widget\" data-e-type=\"widget\" data-widget_type=\"spacer.default\">\n\t\t\t\t\t\t\t<div class=\"elementor-spacer\">\n\t\t\t<div class=\"elementor-spacer-inner\"><\/div>\n\t\t<\/div>\n\t\t\t\t\t\t<\/div>\n\t\t\t\t<div class=\"elementor-element elementor-element-d65f407 elementor-widget elementor-widget-text-editor\" data-id=\"d65f407\" data-element_type=\"widget\" data-e-type=\"widget\" data-widget_type=\"text-editor.default\">\n\t\t\t\t\t\t\t\t\t<p>La protecci\u00f3n de tus datos personales es importante para ti, y tambi\u00e9n lo es para la empresa SARL LES GRANDS CHENES ET LES AJONCS, ya que queremos poder responder a tus expectativas y demostrarte la ejemplaridad de nuestros servicios.<\/p><p>Est\u00e1s afectado por la protecci\u00f3n de tus datos personales si eres visitante del <b>sitio <\/b><a href=\"http:\/\/www.camping-gca.com\">www.camping-gca.com<\/a>, es decir, la persona que simplemente navega por el Sitio de SARL LES GRANDS CHENES ET LES AJONCS.<\/p><p>Es primordial para nosotros, SARL LES GRANDS CHENES ET LES AJONCS, responsables del tratamiento de tus datos, garantizar la confidencialidad y el respeto de tus datos personales para permitirte navegar por nuestro Sitio Web: <a href=\"http:\/\/www.camping-gca.com\">www.camping-gca.com<\/a> con total confianza.<\/p><p>SARL LES GRANDS CHENES ET LES AJONCS es una SARL registrada en el RCS de Burdeos, n\u00b0 de Siret: 808 880 116 00013, c\u00f3digo APE: 5530 Z, cuya sede social est\u00e1 situada en 15 Route des Lacs &#8211; Lieu-dit Lizan &#8211; 33990 VILLE NAUJAC-SUR-MER.<\/p><p>SARL LES GRANDS CHENES ET LES AJONCS edita el Sitio <a href=\"http:\/\/www.camping-gca.com\">www.camping-gca.com<\/a> y, por lo tanto, procesa tus datos como responsable del tratamiento de estos datos.<\/p><p>A continuaci\u00f3n, encontrar\u00e1s todas las disposiciones implementadas para tratar tus datos personales respetando tus derechos, con el fin de proteger tu privacidad garantizando la protecci\u00f3n, confidencialidad, seguridad, control, no corrupci\u00f3n y acceso permanente a los datos que nos conf\u00edas.<\/p><p>Hemos tomado las medidas necesarias para presentarte informaci\u00f3n clara y lo m\u00e1s precisa posible sobre c\u00f3mo se tratar\u00e1n tus datos, con la implementaci\u00f3n de la metodolog\u00eda y los medios t\u00e9cnicos indicados para proteger tus datos contra la p\u00e9rdida, modificaci\u00f3n, comunicaci\u00f3n o acceso por parte de terceros no autorizados.<\/p><p>Para alcanzar estos objetivos, implementamos las medidas t\u00e9cnicas y de gesti\u00f3n apropiadas para asegurarnos de que los tratamientos cumplan con la legislaci\u00f3n aplicable en materia de protecci\u00f3n de Datos.<\/p><p>En este sentido, nos comprometemos por la presente a respetar los principios esenciales del Reglamento General Europeo y del derecho franc\u00e9s sobre la protecci\u00f3n de Datos Personales.<\/p>\t\t\t\t\t\t\t\t<\/div>\n\t\t<div class=\"elementor-element elementor-element-e3882a1 e-con-full e-flex e-con e-child\" data-id=\"e3882a1\" data-element_type=\"container\" data-e-type=\"container\">\n\t\t\t\t<div class=\"elementor-element elementor-element-d49f0cf elementor-widget elementor-widget-text-editor\" data-id=\"d49f0cf\" data-element_type=\"widget\" data-e-type=\"widget\" data-widget_type=\"text-editor.default\">\n\t\t\t\t\t\t\t\t\t<p><b>DEFINICI\u00d3N DE DATOS PERSONALES<\/b><b><br><\/b>Un dato personal es una informaci\u00f3n en un formato que permite identificar, directamente con su nombre y apellido o indirectamente con un identificador, n\u00famero de tel\u00e9fono, direcci\u00f3n de correo electr\u00f3nico, a una persona f\u00edsica.<\/p>\t\t\t\t\t\t\t\t<\/div>\n\t\t\t\t<div class=\"elementor-element elementor-element-f70c5b6 elementor-widget elementor-widget-text-editor\" data-id=\"f70c5b6\" data-element_type=\"widget\" data-e-type=\"widget\" data-widget_type=\"text-editor.default\">\n\t\t\t\t\t\t\t\t\t<p><b>TRATAMIENTO DE TUS DATOS<\/b><b><br><\/b>El tratamiento de datos personales puede consistir en recopilar, registrar, organizar, archivar, modificar, eliminar, a\u00f1adir, exportar, consultar, procesar o comunicar los datos personales, como los definidos a continuaci\u00f3n.<\/p>\t\t\t\t\t\t\t\t<\/div>\n\t\t\t\t<div class=\"elementor-element elementor-element-f87ca56 elementor-widget elementor-widget-text-editor\" data-id=\"f87ca56\" data-element_type=\"widget\" data-e-type=\"widget\" data-widget_type=\"text-editor.default\">\n\t\t\t\t\t\t\t\t\t<p><b>DATOS PERSONALES recopilados<\/b><b><br><\/b>Para el formulario o los formularios de contacto o de reserva: nombre, apellido, direcci\u00f3n, c\u00f3digo postal, ciudad, direcci\u00f3n de correo electr\u00f3nico, n\u00famero de tel\u00e9fono y en caso de que se soliciten otros datos, siempre se har\u00e1 respetando la aplicaci\u00f3n de las normas del RGPD. <br>Para la ficha de registro: nombre, apellido, direcci\u00f3n postal, direcci\u00f3n de correo electr\u00f3nico, n\u00famero de tel\u00e9fono.<br>El nombre de las personas que te acompa\u00f1an. En cuanto a los menores de edad, solo recopilamos su nombre, apellido y fecha de nacimiento a trav\u00e9s de una persona mayor de edad.<br>Informaci\u00f3n sobre tus medios de pago (n\u00famero de tarjeta bancaria). <br>Tus elecciones o preferencias para componer tu alojamiento o estancia.<br>Condiciones particulares a tener en cuenta durante tu estancia, como la acogida de personas con movilidad reducida. <b><i><br><\/i><\/b><i>Para los turistas de nacionalidad extranjera, incluidos los ciudadanos de la Uni\u00f3n Europea, a su llegada al establecimiento, la ficha individual de polic\u00eda, redactada en franc\u00e9s e ingl\u00e9s, debe ser obligatoriamente cumplimentada y firmada. Los turistas que viajan en grupo o en viaje organizado tambi\u00e9n est\u00e1n afectados. La ficha de hotel contiene los siguientes datos personales:  <\/i><i><br><\/i><i>nombre y apellidos; fecha y lugar de nacimiento; nacionalidad; domicilio habitual; n\u00famero de tel\u00e9fono m\u00f3vil y direcci\u00f3n de correo electr\u00f3nico; fechas de llegada al establecimiento y de salida prevista.<\/i><i><br><\/i><i>Los ni\u00f1os menores de 15 a\u00f1os pueden figurar en la ficha de un adulto que los acompa\u00f1e.<\/i><\/p>\t\t\t\t\t\t\t\t<\/div>\n\t\t\t\t<div class=\"elementor-element elementor-element-09c69d8 elementor-widget elementor-widget-text-editor\" data-id=\"09c69d8\" data-element_type=\"widget\" data-e-type=\"widget\" data-widget_type=\"text-editor.default\">\n\t\t\t\t\t\t\t\t\t<p><b>RECOPILACI\u00d3N DE DATOS PERSONALES<\/b><b><br><\/b>Recopilamos tus datos personales:<br>Para procesar tus solicitudes de estancia o de reserva<br>Para la reserva de una estancia, ya sea directa o a trav\u00e9s de un tercero, o realizada por correo postal, en l\u00ednea o por tel\u00e9fono.<br>Para el tratamiento de reclamaciones o litigios.<br>Para la consulta de nuestras p\u00e1ginas en las redes sociales.<br>Para la transferencia de informaci\u00f3n sobre ti a ciertos proveedores, por ejemplo, software de reserva en l\u00ednea o bancos para los pagos.<\/p>\t\t\t\t\t\t\t\t<\/div>\n\t\t\t\t<div class=\"elementor-element elementor-element-6f7624e elementor-widget elementor-widget-text-editor\" data-id=\"6f7624e\" data-element_type=\"widget\" data-e-type=\"widget\" data-widget_type=\"text-editor.default\">\n\t\t\t\t\t\t\t\t\t<p><b>POR QU\u00c9 RECOPILAMOS LOS DATOS PERSONALES<\/b><br>Para conocerte mejor y comunicarnos contigo.<br>Para gestionar nuestra relaci\u00f3n, reservas de estancias, solicitudes particulares.<br>Para asegurar la promoci\u00f3n de nuestra \u00c1rea de camping en Gironda.<br>Para que puedas beneficiarte de precios promocionales por temporada<br>Para establecer estad\u00edsticas que nos permitan mejorar nuestros servicios.<br>Para asegurar la gesti\u00f3n comercial y contable. <br>Para garantizar la seguridad de los pagos que realizas.<br>Para prevenir el fraude<br>Para proteger tus datos<br>Para los extranjeros, para cumplir con el art\u00edculo R. 611-42 del c\u00f3digo de entrada y estancia de extranjeros y del derecho de asilo.<\/p>\t\t\t\t\t\t\t\t<\/div>\n\t\t\t\t<div class=\"elementor-element elementor-element-f4be88e elementor-widget elementor-widget-text-editor\" data-id=\"f4be88e\" data-element_type=\"widget\" data-e-type=\"widget\" data-widget_type=\"text-editor.default\">\n\t\t\t\t\t\t\t\t\t<p><b>APLICACI\u00d3N DE TUS DERECHOS<\/b><\/p><p><b>Tienes derecho a solicitar<\/b> <b>el acceso y la rectificaci\u00f3n de tus datos, as\u00ed como<\/b> <b>la limitaci\u00f3n del tratamiento de tus datos.<\/b><\/p><p>Tienes derecho a solicitar <b>la supresi\u00f3n<\/b> de tus Datos.<br>Si deseas la supresi\u00f3n de tus datos, podremos, sin embargo, conservarlos en espera, durante el tiempo necesario para responder a las obligaciones legales, contables o fiscales.<\/p><p>Tienes derecho a solicitar la aplicaci\u00f3n de <b>tu derecho de oposici\u00f3n<\/b> frente a los tratamientos explotados con fines de prospecci\u00f3n comercial.<\/p><p>Tienes derecho a ejercer tu <b>derecho a la portabilidad<\/b>.<br>El derecho a la portabilidad te ofrece la posibilidad de recuperar una parte de tus datos en un formato abierto y legible por m\u00e1quina. Para poder almacenarlos o transmitirlos f\u00e1cilmente de un sistema de informaci\u00f3n a otro, con vistas a su reutilizaci\u00f3n <i> <\/i>con fines personales.<\/p><p>Para ejercer tus derechos, debes enviar tu solicitud especificando:<\/p><p>&#8211; Tu direcci\u00f3n de correo electr\u00f3nico<\/p><p>&#8211; Tu nombre y apellido<\/p><p>&#8211; Tu direcci\u00f3n postal exacta<\/p><p>&#8211; Una copia de tu documento de identidad, no caducado.<\/p><p>Al Delegado de protecci\u00f3n de datos de la empresa SARL LES GRANDS CHENES ET LES AJONCS por correo electr\u00f3nico enviado a: <a href=\"mailto:contact@camping-gca.com\">contact@camping-gca.com <\/a> o por correo postal dirigido a SARL LES GRANDS CHENES ET LES AJONCS, Delegado de Protecci\u00f3n de Datos Personales, 15 Route des Lacs &#8211; Lieu-dit Lizan &#8211; 33990 VILLE NAUJAC-SUR-MER.<\/p><p>Recibir\u00e1s una respuesta en un plazo m\u00e1ximo de cuatro semanas, despu\u00e9s de la fecha de recepci\u00f3n de tu solicitud.<\/p><p>Puedes, en cualquier momento, <b>presentar una reclamaci\u00f3n ante la autoridad de control competente<\/b> (en Francia, la CNIL: <a href=\"http:\/\/www.cnil.fr\/\">www.cnil.fr<\/a>)<\/p>\t\t\t\t\t\t\t\t<\/div>\n\t\t\t\t<div class=\"elementor-element elementor-element-f1f8e22 elementor-widget elementor-widget-text-editor\" data-id=\"f1f8e22\" data-element_type=\"widget\" data-e-type=\"widget\" data-widget_type=\"text-editor.default\">\n\t\t\t\t\t\t\t\t\t<p><b>DESTINATARIOS DE TUS DATOS <\/b><br>Solo diferentes servicios internos de nuestra empresa pueden tener acceso a tus Datos.<\/p>\t\t\t\t\t\t\t\t<\/div>\n\t\t\t\t<div class=\"elementor-element elementor-element-2a21747 elementor-widget elementor-widget-text-editor\" data-id=\"2a21747\" data-element_type=\"widget\" data-e-type=\"widget\" data-widget_type=\"text-editor.default\">\n\t\t\t\t\t\t\t\t\t<p><b>TRANSFERENCIAS DE TUS DATOS FUERA DE LA UNI\u00d3N EUROPEA<\/b> <\/p><p>Tus datos son tratados en los servicios de SARL LES GRANDS CHENES ET LES AJONCS. Nunca son objeto de tratamiento fuera de la Uni\u00f3n Europea. <\/p>\t\t\t\t\t\t\t\t<\/div>\n\t\t\t\t<div class=\"elementor-element elementor-element-595e12f elementor-widget elementor-widget-text-editor\" data-id=\"595e12f\" data-element_type=\"widget\" data-e-type=\"widget\" data-widget_type=\"text-editor.default\">\n\t\t\t\t\t\t\t\t\t<p><b>MEDIDAS DE SEGURIDAD<\/b><br>Nos comprometemos a implementar, en funci\u00f3n de las modalidades y resultados definidos, los medios t\u00e9cnicos, materiales y de gesti\u00f3n eficiente para garantizar un nivel de seguridad adaptado al riesgo incurrido para los derechos y libertades de las personas f\u00edsicas.<\/p>\t\t\t\t\t\t\t\t<\/div>\n\t\t\t\t<div class=\"elementor-element elementor-element-39356bd elementor-widget elementor-widget-text-editor\" data-id=\"39356bd\" data-element_type=\"widget\" data-e-type=\"widget\" data-widget_type=\"text-editor.default\">\n\t\t\t\t\t\t\t\t\t<p><b>DURACI\u00d3N DE CONSERVACI\u00d3N DE TUS DATOS <\/b><br><br><\/p><p>Solo conservamos tus datos durante el tiempo necesario para la realizaci\u00f3n de sus tratamientos o en funci\u00f3n de las obligaciones legales y fiscales.<br><i>6 Meses para las fichas individuales de polic\u00eda, redactadas en franc\u00e9s e ingl\u00e9s, para los clientes de nacionalidad extranjera, incluidos los ciudadanos de la Uni\u00f3n Europea, la ficha de hotel es conservada por el profesional y transmitida a los servicios de polic\u00eda o gendarmer\u00eda \u00fanicamente a petici\u00f3n de estos.<\/i><\/p>\t\t\t\t\t\t\t\t<\/div>\n\t\t\t\t<div class=\"elementor-element elementor-element-98e358f elementor-widget elementor-widget-text-editor\" data-id=\"98e358f\" data-element_type=\"widget\" data-e-type=\"widget\" data-widget_type=\"text-editor.default\">\n\t\t\t\t\t\t\t\t\t<p><b>ACCESO A TUS DATOS PERSONALES<\/b><br>De conformidad con la ley n\u00b078-17 del 6 de enero de 1978 relativa a la inform\u00e1tica, los archivos y las libertades, toda persona f\u00edsica dispone del derecho de acceso y, en su caso, de rectificaci\u00f3n o supresi\u00f3n de los Datos que le conciernen. El ejercicio de estos derechos se efect\u00faa en cualquier momento: <\/p><p><b>Por v\u00eda postal<\/b><b>: <\/b>SARL LES GRANDS CHENES ET LES AJONCS, Delegado de Protecci\u00f3n de Datos Personales, 15 Route des Lacs &#8211; Lieu-dit Lizan &#8211; 33990 VILLE NAUJAC-SUR-MER.<\/p><p><b>Por tel\u00e9fono<\/b><b>: <\/b>06 79 89 36 45<b><br><\/b><b>Por v\u00eda electr\u00f3nica<\/b>: <a href=\"mailto:contact@camping-gca.com\">contact@camping-gca.com <\/a> <\/p><p>El Editor recuerda que toda persona f\u00edsica puede, por motivos leg\u00edtimos, oponerse al tratamiento de los Datos que le conciernen.<\/p>\t\t\t\t\t\t\t\t<\/div>\n\t\t\t\t<div class=\"elementor-element elementor-element-e5ada42 elementor-widget elementor-widget-text-editor\" data-id=\"e5ada42\" data-element_type=\"widget\" data-e-type=\"widget\" data-widget_type=\"text-editor.default\">\n\t\t\t\t\t\t\t\t\t<p><b>COOKIES<\/b><br>Existen varias categor\u00edas de cookies, algunas son emitidas directamente por nuestro sitio y sus proveedores, otras pueden ser emitidas por empresas terceras.<\/p>\t\t\t\t\t\t\t\t<\/div>\n\t\t\t\t<div class=\"elementor-element elementor-element-6fe3744 elementor-widget elementor-widget-text-editor\" data-id=\"6fe3744\" data-element_type=\"widget\" data-e-type=\"widget\" data-widget_type=\"text-editor.default\">\n\t\t\t\t\t\t\t\t\t<p><b>Uso de cookies que puedes desactivar<\/b><b><br><\/b>Una cookie es un peque\u00f1o archivo de texto que se transfiere a tu ordenador, smartphone o tableta a trav\u00e9s de tu navegador de Internet. Las cookies se guardan en el disco duro de tu dispositivo (ordenador, smartphone o tableta) cuando visitas nuestro sitio. Las cookies permiten reconocerte en tus siguientes visitas a nuestro sitio.<br>Las cookies pueden ser temporales (cookies de sesi\u00f3n) o permanentes. Las cookies de sesi\u00f3n est\u00e1n activas solo durante tu visita y se eliminan cuando cierras el navegador. Las cookies permanentes permanecen en el disco duro de tu dispositivo cuando sales del sitio y permanecen all\u00ed hasta que las eliminas manualmente o hasta que el navegador las purgue despu\u00e9s de un cierto tiempo.<br>Utilizamos cookies de rendimiento anal\u00edtico para monitorear el rendimiento del sitio web, por ejemplo, para determinar el n\u00famero de veces que se consulta una p\u00e1gina y el n\u00famero de usuarios \u00fanicos en su sitio web. Los servicios de an\u00e1lisis web pueden ser dise\u00f1ados y operados por terceros. La informaci\u00f3n proporcionada por estas cookies se utiliza para optimizar la experiencia del usuario o para identificar las partes del sitio web que pueden necesitar mantenimiento. La informaci\u00f3n es an\u00f3nima y se utiliza \u00fanicamente para estad\u00edsticas de audiencia.       <br><br>Podemos utilizar, en particular, Google Analytics para recopilar informaci\u00f3n sobre los visitantes del sitio a trav\u00e9s de estas cookies. Esta informaci\u00f3n puede ser utilizada por los proveedores de estas soluciones. <\/p>\t\t\t\t\t\t\t\t<\/div>\n\t\t\t\t<div class=\"elementor-element elementor-element-46f2674 elementor-widget elementor-widget-text-editor\" data-id=\"46f2674\" data-element_type=\"widget\" data-e-type=\"widget\" data-widget_type=\"text-editor.default\">\n\t\t\t\t\t\t\t\t\t<p><b>Gestionar y desactivar las cookies <\/b><b><br><\/b>La mayor\u00eda de los navegadores est\u00e1n configurados para aceptar las cookies utilizadas en nuestro sitio web. Sin embargo, puedes ajustar esta configuraci\u00f3n para desactivar las cookies. Los siguientes enlaces te dar\u00e1n explicaciones sobre c\u00f3mo ajustar la configuraci\u00f3n de cookies de tu navegador.  <br><b>Atenci\u00f3n:<\/b> Cuando desactivas las cookies, ten en cuenta que algunos elementos gr\u00e1ficos pueden no mostrarse correctamente o que no podr\u00e1s utilizar ciertas aplicaciones.<\/p>\t\t\t\t\t\t\t\t<\/div>\n\t\t\t\t<div class=\"elementor-element elementor-element-2648e65 elementor-widget elementor-widget-text-editor\" data-id=\"2648e65\" data-element_type=\"widget\" data-e-type=\"widget\" data-widget_type=\"text-editor.default\">\n\t\t\t\t\t\t\t\t\t<p><b>Cookies emitidas por SARL LES GRANDS CHENES ET LES AJONCS y sus proveedores<\/b><br>Se pueden depositar diferentes cookies en tu ordenador durante tu navegaci\u00f3n por nuestro sitio web:<\/p>\t\t\t\t\t\t\t\t<\/div>\n\t\t\t\t<div class=\"elementor-element elementor-element-bf5f172 elementor-widget elementor-widget-text-editor\" data-id=\"bf5f172\" data-element_type=\"widget\" data-e-type=\"widget\" data-widget_type=\"text-editor.default\">\n\t\t\t\t\t\t\t\t\t<p><b>Cookies \u00abEsenciales\u00bb<\/b><b><br><\/b>Estas cookies son indispensables para una navegaci\u00f3n eficiente en nuestro sitio y su eliminaci\u00f3n puede causar problemas de navegaci\u00f3n.<br>Estas cookies tambi\u00e9n son necesarias para el seguimiento de la actividad del sitio web.<br>Estas cookies pueden ser instaladas en su dispositivo por nuestro sitio o por sus proveedores de servicios. <\/p>\t\t\t\t\t\t\t\t<\/div>\n\t\t\t\t<div class=\"elementor-element elementor-element-8c9e72b elementor-widget elementor-widget-text-editor\" data-id=\"8c9e72b\" data-element_type=\"widget\" data-e-type=\"widget\" data-widget_type=\"text-editor.default\">\n\t\t\t\t\t\t\t\t\t<p><b>Cookies Anal\u00edticas y de Personalizaci\u00f3n<\/b><b><br><\/b>Estas cookies no son indispensables para la navegaci\u00f3n en nuestro sitio, pero pueden facilitar tus b\u00fasquedas u optimizar el funcionamiento de nuestro sitio.<\/p>\t\t\t\t\t\t\t\t<\/div>\n\t\t\t\t<div class=\"elementor-element elementor-element-6fe2abd elementor-widget elementor-widget-text-editor\" data-id=\"6fe2abd\" data-element_type=\"widget\" data-e-type=\"widget\" data-widget_type=\"text-editor.default\">\n\t\t\t\t\t\t\t\t\t<p><b>Cookies emitidas por terceros<\/b><br>La emisi\u00f3n y el uso de cookies por terceros en nuestro sitio est\u00e1n sujetos a las pol\u00edticas de privacidad de estos terceros. Estas cookies no son indispensables para la navegaci\u00f3n en nuestro sitio. <\/p>\t\t\t\t\t\t\t\t<\/div>\n\t\t\t\t<div class=\"elementor-element elementor-element-42ecdf4 elementor-widget elementor-widget-text-editor\" data-id=\"42ecdf4\" data-element_type=\"widget\" data-e-type=\"widget\" data-widget_type=\"text-editor.default\">\n\t\t\t\t\t\t\t\t\t<p><b>Cookies de Marketing<\/b><b><br><\/b>Nuestro sitio: <a href=\"http:\/\/www.camping-gca.com\">www.camping-gca.com<\/a> no utiliza cookies con fines publicitarios.<\/p>\t\t\t\t\t\t\t\t<\/div>\n\t\t\t\t<div class=\"elementor-element elementor-element-5f346af elementor-widget elementor-widget-text-editor\" data-id=\"5f346af\" data-element_type=\"widget\" data-e-type=\"widget\" data-widget_type=\"text-editor.default\">\n\t\t\t\t\t\t\t\t\t<p><b>REDES SOCIALES <\/b><b><br><\/b>Es posible que incluyamos en nuestro sitio aplicaciones inform\u00e1ticas de terceros que te permitan compartir contenidos de nuestro sitio con otras personas o dar a conocer a estas personas tu consulta u opini\u00f3n sobre un contenido de nuestro sitio. Este es el caso, por ejemplo, de los botones \u00abCompartir\u00bb, \u00abMe gusta\u00bb, procedentes de redes sociales como Facebook, \u00abTwitter\u00bb, etc. <br>La red social que proporciona dicho bot\u00f3n de aplicaci\u00f3n puede identificarte a trav\u00e9s de este bot\u00f3n, incluso si no lo has utilizado durante tu visita a nuestro sitio.<br>De hecho, este tipo de bot\u00f3n de aplicaci\u00f3n puede permitir a la red social en cuesti\u00f3n seguir tu navegaci\u00f3n en nuestro sitio, simplemente porque tu cuenta en la red social correspondiente estaba activada en tu dispositivo (sesi\u00f3n abierta) durante tu navegaci\u00f3n en nuestro sitio.<br>No controlamos el proceso utilizado por las redes sociales para recopilar informaci\u00f3n relacionada con tu navegaci\u00f3n en nuestro sitio y asociada a los datos personales de los que disponen.<br>Te invitamos a consultar las pol\u00edticas de privacidad de estas redes sociales para conocer los fines de uso, especialmente publicitarios, de la informaci\u00f3n de navegaci\u00f3n que pueden recopilar mediante estos botones de aplicaci\u00f3n.<\/p><p>Estas pol\u00edticas de protecci\u00f3n deben permitirte ejercer tus opciones ante estas redes sociales, en particular configurando tus cuentas de uso para cada una de estas redes.<br>Para conocer la pol\u00edtica de protecci\u00f3n de privacidad de las redes sociales mencionadas, haz clic en el nombre de la red social de tu elecci\u00f3n: <\/p><ul><li aria-level=\"1\"><a href=\"http:\/\/fr-fr.facebook.com\/help\/cookies\">Facebook<\/a>      <\/li><li aria-level=\"1\"><a href=\"https:\/\/twitter.com\/privacy\">Twitter<\/a><p>Si no deseas que podamos instalar Cookies, puedes comunicarnos tu decisi\u00f3n haciendo clic en el enlace: GESTIONAR MIS COOKIES o envi\u00e1ndonos un correo electr\u00f3nico a la direcci\u00f3n: <a href=\"mailto:contact@camping-gca.com\">contact@camping-gca.com<\/a> <\/p><\/li><\/ul>\t\t\t\t\t\t\t\t<\/div>\n\t\t\t\t<div class=\"elementor-element elementor-element-20e1ec1 elementor-widget elementor-widget-text-editor\" data-id=\"20e1ec1\" data-element_type=\"widget\" data-e-type=\"widget\" data-widget_type=\"text-editor.default\">\n\t\t\t\t\t\t\t\t\t<p><b>Cookies de tu navegador web<\/b><br>Microsoft Edge, Firefox, Google Chrome, Safari, etc.<\/p>\t\t\t\t\t\t\t\t<\/div>\n\t\t\t\t<div class=\"elementor-element elementor-element-8c45b0e elementor-widget elementor-widget-text-editor\" data-id=\"8c45b0e\" data-element_type=\"widget\" data-e-type=\"widget\" data-widget_type=\"text-editor.default\">\n\t\t\t\t\t\t\t\t\t<p>Puedes configurar tu navegador seg\u00fan tus preferencias, de modo que las cookies sean aceptadas y guardadas en tu dispositivo o bien sean rechazadas.<br>Puedes configurar tu navegador para permitir el almacenamiento de cookies en tu dispositivo; estas cookies implantadas en las p\u00e1ginas que has consultado se guardar\u00e1n autom\u00e1ticamente.<br>Puedes configurar tu navegador para que se te proponga la aceptaci\u00f3n o el rechazo de las cookies de forma puntual, antes de que una cookie pueda ser almacenada, o para rechazar sistem\u00e1ticamente el almacenamiento de cookies en tu dispositivo. <\/p><p><br><b>Atenci\u00f3n<\/b>: La configuraci\u00f3n que elijas en tu navegador para aceptar o rechazar cookies puede afectar tu navegaci\u00f3n por Internet y tu acceso a ciertos servicios que requieren el uso de estas cookies. <\/p><p><br>Si decides rechazar el almacenamiento de cookies en tu dispositivo o si borras las que ya est\u00e1n almacenadas, no nos hacemos responsables de las consecuencias relacionadas con el funcionamiento deficiente de nuestros servicios que resulte de nuestra imposibilidad de guardar o consultar las cookies necesarias para su funcionamiento y que hayas rechazado o eliminado.<\/p>\t\t\t\t\t\t\t\t<\/div>\n\t\t\t\t<div class=\"elementor-element elementor-element-4c04feb elementor-widget elementor-widget-global elementor-global-150 elementor-widget-spacer\" data-id=\"4c04feb\" data-element_type=\"widget\" data-e-type=\"widget\" data-widget_type=\"spacer.default\">\n\t\t\t\t\t\t\t<div class=\"elementor-spacer\">\n\t\t\t<div class=\"elementor-spacer-inner\"><\/div>\n\t\t<\/div>\n\t\t\t\t\t\t<\/div>\n\t\t\t\t<\/div>\n\t\t\t\t\t<\/div>\n\t\t\t\t<\/div>\n\t\t\t\t<\/div>\n\t\t","protected":false},"excerpt":{"rendered":"<p>\u00c1REA NATURAL LES GRANDS CHENES ET LES AJONCS Protecci\u00f3n de tus datos personales La protecci\u00f3n de tus datos personales es importante para ti, y tambi\u00e9n lo es para la empresa SARL LES GRANDS CHENES ET LES AJONCS, ya que queremos poder responder a tus expectativas y demostrarte la ejemplaridad de nuestros servicios. Est\u00e1s afectado por [&hellip;]<\/p>\n","protected":false},"author":1,"featured_media":0,"parent":0,"menu_order":0,"comment_status":"closed","ping_status":"closed","template":"","meta":{"_acf_changed":false,"footnotes":""},"class_list":["post-3695","page","type-page","status-publish","hentry"],"acf":[],"yoast_head":"<!-- This site is optimized with the Yoast SEO plugin v26.8 - https:\/\/yoast.com\/product\/yoast-seo-wordpress\/ -->\n<title>Protecci\u00f3n de tus datos personales | Camping GCA<\/title>\n<meta name=\"description\" content=\"P\u00e1gina de protecci\u00f3n de tus datos personales del camping GCA, \u00e1rea natural de camping en Gironda cerca de Hourtin.\" \/>\n<meta name=\"robots\" content=\"index, follow, max-snippet:-1, max-image-preview:large, max-video-preview:-1\" \/>\n<link rel=\"canonical\" href=\"https:\/\/www.camping-gca.com\/es\/datos-personales\/\" \/>\n<meta property=\"og:locale\" content=\"es_ES\" \/>\n<meta property=\"og:type\" content=\"article\" \/>\n<meta property=\"og:title\" content=\"Protecci\u00f3n de tus datos personales | Camping GCA\" \/>\n<meta property=\"og:description\" content=\"P\u00e1gina de protecci\u00f3n de tus datos personales del camping GCA, \u00e1rea natural de camping en Gironda cerca de Hourtin.\" \/>\n<meta property=\"og:url\" content=\"https:\/\/www.camping-gca.com\/es\/datos-personales\/\" \/>\n<meta property=\"og:site_name\" content=\"Camping GCA\" \/>\n<meta property=\"article:modified_time\" content=\"2025-09-01T12:22:35+00:00\" \/>\n<meta property=\"og:image\" content=\"https:\/\/www.camping-gca.com\/wp-content\/uploads\/2025\/03\/feuilles.png\" \/>\n\t<meta property=\"og:image:width\" content=\"253\" \/>\n\t<meta property=\"og:image:height\" content=\"287\" \/>\n\t<meta property=\"og:image:type\" content=\"image\/png\" \/>\n<meta name=\"twitter:card\" content=\"summary_large_image\" \/>\n<meta name=\"twitter:label1\" content=\"Tiempo de lectura\" \/>\n\t<meta name=\"twitter:data1\" content=\"12 minutos\" \/>\n<script type=\"application\/ld+json\" class=\"yoast-schema-graph\">{\"@context\":\"https:\/\/schema.org\",\"@graph\":[{\"@type\":\"WebPage\",\"@id\":\"https:\/\/www.camping-gca.com\/es\/datos-personales\/\",\"url\":\"https:\/\/www.camping-gca.com\/es\/datos-personales\/\",\"name\":\"Protecci\u00f3n de tus datos personales | Camping GCA\",\"isPartOf\":{\"@id\":\"https:\/\/www.camping-gca.com\/#website\"},\"primaryImageOfPage\":{\"@id\":\"https:\/\/www.camping-gca.com\/es\/datos-personales\/#primaryimage\"},\"image\":{\"@id\":\"https:\/\/www.camping-gca.com\/es\/datos-personales\/#primaryimage\"},\"thumbnailUrl\":\"https:\/\/www.camping-gca.com\/wp-content\/uploads\/2025\/03\/feuilles.png\",\"datePublished\":\"2025-04-01T09:56:25+00:00\",\"dateModified\":\"2025-09-01T12:22:35+00:00\",\"description\":\"P\u00e1gina de protecci\u00f3n de tus datos personales del camping GCA, \u00e1rea natural de camping en Gironda cerca de Hourtin.\",\"breadcrumb\":{\"@id\":\"https:\/\/www.camping-gca.com\/es\/datos-personales\/#breadcrumb\"},\"inLanguage\":\"es\",\"potentialAction\":[{\"@type\":\"ReadAction\",\"target\":[\"https:\/\/www.camping-gca.com\/es\/datos-personales\/\"]}]},{\"@type\":\"ImageObject\",\"inLanguage\":\"es\",\"@id\":\"https:\/\/www.camping-gca.com\/es\/datos-personales\/#primaryimage\",\"url\":\"https:\/\/www.camping-gca.com\/wp-content\/uploads\/2025\/03\/feuilles.png\",\"contentUrl\":\"https:\/\/www.camping-gca.com\/wp-content\/uploads\/2025\/03\/feuilles.png\"},{\"@type\":\"BreadcrumbList\",\"@id\":\"https:\/\/www.camping-gca.com\/es\/datos-personales\/#breadcrumb\",\"itemListElement\":[{\"@type\":\"ListItem\",\"position\":1,\"name\":\"Accueil\",\"item\":\"https:\/\/www.camping-gca.com\/es\/inicio\/\"},{\"@type\":\"ListItem\",\"position\":2,\"name\":\"Datos personales\"}]},{\"@type\":\"WebSite\",\"@id\":\"https:\/\/www.camping-gca.com\/#website\",\"url\":\"https:\/\/www.camping-gca.com\/\",\"name\":\"Camping GCA\",\"description\":\"\",\"publisher\":{\"@id\":\"https:\/\/www.camping-gca.com\/#organization\"},\"alternateName\":\"Camping GCA\",\"potentialAction\":[{\"@type\":\"SearchAction\",\"target\":{\"@type\":\"EntryPoint\",\"urlTemplate\":\"https:\/\/www.camping-gca.com\/?s={search_term_string}\"},\"query-input\":{\"@type\":\"PropertyValueSpecification\",\"valueRequired\":true,\"valueName\":\"search_term_string\"}}],\"inLanguage\":\"es\"},{\"@type\":\"Organization\",\"@id\":\"https:\/\/www.camping-gca.com\/#organization\",\"name\":\"Camping GCA\",\"alternateName\":\"Camping GCA\",\"url\":\"https:\/\/www.camping-gca.com\/\",\"logo\":{\"@type\":\"ImageObject\",\"inLanguage\":\"es\",\"@id\":\"https:\/\/www.camping-gca.com\/#\/schema\/logo\/image\/\",\"url\":\"\",\"contentUrl\":\"\",\"caption\":\"Camping GCA\"},\"image\":{\"@id\":\"https:\/\/www.camping-gca.com\/#\/schema\/logo\/image\/\"}}]}<\/script>\n<!-- \/ Yoast SEO plugin. -->","yoast_head_json":{"title":"Protecci\u00f3n de tus datos personales | Camping GCA","description":"P\u00e1gina de protecci\u00f3n de tus datos personales del camping GCA, \u00e1rea natural de camping en Gironda cerca de Hourtin.","robots":{"index":"index","follow":"follow","max-snippet":"max-snippet:-1","max-image-preview":"max-image-preview:large","max-video-preview":"max-video-preview:-1"},"canonical":"https:\/\/www.camping-gca.com\/es\/datos-personales\/","og_locale":"es_ES","og_type":"article","og_title":"Protecci\u00f3n de tus datos personales | Camping GCA","og_description":"P\u00e1gina de protecci\u00f3n de tus datos personales del camping GCA, \u00e1rea natural de camping en Gironda cerca de Hourtin.","og_url":"https:\/\/www.camping-gca.com\/es\/datos-personales\/","og_site_name":"Camping GCA","article_modified_time":"2025-09-01T12:22:35+00:00","og_image":[{"width":253,"height":287,"url":"https:\/\/www.camping-gca.com\/wp-content\/uploads\/2025\/03\/feuilles.png","type":"image\/png"}],"twitter_card":"summary_large_image","twitter_misc":{"Tiempo de lectura":"12 minutos"},"schema":{"@context":"https:\/\/schema.org","@graph":[{"@type":"WebPage","@id":"https:\/\/www.camping-gca.com\/es\/datos-personales\/","url":"https:\/\/www.camping-gca.com\/es\/datos-personales\/","name":"Protecci\u00f3n de tus datos personales | Camping GCA","isPartOf":{"@id":"https:\/\/www.camping-gca.com\/#website"},"primaryImageOfPage":{"@id":"https:\/\/www.camping-gca.com\/es\/datos-personales\/#primaryimage"},"image":{"@id":"https:\/\/www.camping-gca.com\/es\/datos-personales\/#primaryimage"},"thumbnailUrl":"https:\/\/www.camping-gca.com\/wp-content\/uploads\/2025\/03\/feuilles.png","datePublished":"2025-04-01T09:56:25+00:00","dateModified":"2025-09-01T12:22:35+00:00","description":"P\u00e1gina de protecci\u00f3n de tus datos personales del camping GCA, \u00e1rea natural de camping en Gironda cerca de Hourtin.","breadcrumb":{"@id":"https:\/\/www.camping-gca.com\/es\/datos-personales\/#breadcrumb"},"inLanguage":"es","potentialAction":[{"@type":"ReadAction","target":["https:\/\/www.camping-gca.com\/es\/datos-personales\/"]}]},{"@type":"ImageObject","inLanguage":"es","@id":"https:\/\/www.camping-gca.com\/es\/datos-personales\/#primaryimage","url":"https:\/\/www.camping-gca.com\/wp-content\/uploads\/2025\/03\/feuilles.png","contentUrl":"https:\/\/www.camping-gca.com\/wp-content\/uploads\/2025\/03\/feuilles.png"},{"@type":"BreadcrumbList","@id":"https:\/\/www.camping-gca.com\/es\/datos-personales\/#breadcrumb","itemListElement":[{"@type":"ListItem","position":1,"name":"Accueil","item":"https:\/\/www.camping-gca.com\/es\/inicio\/"},{"@type":"ListItem","position":2,"name":"Datos personales"}]},{"@type":"WebSite","@id":"https:\/\/www.camping-gca.com\/#website","url":"https:\/\/www.camping-gca.com\/","name":"Camping GCA","description":"","publisher":{"@id":"https:\/\/www.camping-gca.com\/#organization"},"alternateName":"Camping GCA","potentialAction":[{"@type":"SearchAction","target":{"@type":"EntryPoint","urlTemplate":"https:\/\/www.camping-gca.com\/?s={search_term_string}"},"query-input":{"@type":"PropertyValueSpecification","valueRequired":true,"valueName":"search_term_string"}}],"inLanguage":"es"},{"@type":"Organization","@id":"https:\/\/www.camping-gca.com\/#organization","name":"Camping GCA","alternateName":"Camping GCA","url":"https:\/\/www.camping-gca.com\/","logo":{"@type":"ImageObject","inLanguage":"es","@id":"https:\/\/www.camping-gca.com\/#\/schema\/logo\/image\/","url":"","contentUrl":"","caption":"Camping GCA"},"image":{"@id":"https:\/\/www.camping-gca.com\/#\/schema\/logo\/image\/"}}]}},"_links":{"self":[{"href":"https:\/\/www.camping-gca.com\/es\/wp-json\/wp\/v2\/pages\/3695","targetHints":{"allow":["GET"]}}],"collection":[{"href":"https:\/\/www.camping-gca.com\/es\/wp-json\/wp\/v2\/pages"}],"about":[{"href":"https:\/\/www.camping-gca.com\/es\/wp-json\/wp\/v2\/types\/page"}],"author":[{"embeddable":true,"href":"https:\/\/www.camping-gca.com\/es\/wp-json\/wp\/v2\/users\/1"}],"replies":[{"embeddable":true,"href":"https:\/\/www.camping-gca.com\/es\/wp-json\/wp\/v2\/comments?post=3695"}],"version-history":[{"count":1,"href":"https:\/\/www.camping-gca.com\/es\/wp-json\/wp\/v2\/pages\/3695\/revisions"}],"predecessor-version":[{"id":3696,"href":"https:\/\/www.camping-gca.com\/es\/wp-json\/wp\/v2\/pages\/3695\/revisions\/3696"}],"wp:attachment":[{"href":"https:\/\/www.camping-gca.com\/es\/wp-json\/wp\/v2\/media?parent=3695"}],"curies":[{"name":"wp","href":"https:\/\/api.w.org\/{rel}","templated":true}]}}